{"id":1119,"date":"2020-12-24T10:52:08","date_gmt":"2020-12-24T10:52:08","guid":{"rendered":"https:\/\/reciclarseenlaciudad.com\/?page_id=1119"},"modified":"2026-03-02T20:07:40","modified_gmt":"2026-03-02T20:07:40","slug":"inicio","status":"publish","type":"page","link":"https:\/\/reciclarseenlaciudad.com\/en\/","title":{"rendered":"Home"},"content":{"rendered":"\t\t<div data-elementor-type=\"wp-page\" data-elementor-id=\"1119\" class=\"elementor elementor-1119\" data-elementor-post-type=\"page\">\n\t\t\t\t\t\t<section class=\"elementor-section elementor-top-section elementor-element elementor-element-c6132cf elementor-section-full_width elementor-section-stretched elementor-section-height-default elementor-section-height-default\" data-id=\"c6132cf\" data-element_type=\"section\" data-e-type=\"section\" data-settings=\"{&quot;stretch_section&quot;:&quot;section-stretched&quot;}\">\n\t\t\t\t\t\t<div class=\"elementor-container elementor-column-gap-default\">\n\t\t\t\t\t<div class=\"elementor-column elementor-col-100 elementor-top-column elementor-element elementor-element-e080b9e\" data-id=\"e080b9e\" data-element_type=\"column\" data-e-type=\"column\">\n\t\t\t<div class=\"elementor-widget-wrap elementor-element-populated\">\n\t\t\t\t\t\t<div class=\"elementor-element elementor-element-55447a5 elementor-widget elementor-widget-image\" data-id=\"55447a5\" data-element_type=\"widget\" data-e-type=\"widget\" data-widget_type=\"image.default\">\n\t\t\t\t<div class=\"elementor-widget-container\">\n\t\t\t\t\t\t\t\t\t\t\t\t\t\t\t<img fetchpriority=\"high\" decoding=\"async\" width=\"2560\" height=\"1024\" src=\"https:\/\/reciclarseenlaciudad.com\/wp-content\/uploads\/2020\/12\/IR1-portada-3000x1200-1-scaled.jpg\" class=\"attachment-full size-full wp-image-2659\" alt=\"\" srcset=\"https:\/\/reciclarseenlaciudad.com\/wp-content\/uploads\/2020\/12\/IR1-portada-3000x1200-1-scaled.jpg 2560w, https:\/\/reciclarseenlaciudad.com\/wp-content\/uploads\/2020\/12\/IR1-portada-3000x1200-1-300x120.jpg 300w, https:\/\/reciclarseenlaciudad.com\/wp-content\/uploads\/2020\/12\/IR1-portada-3000x1200-1-1024x410.jpg 1024w, https:\/\/reciclarseenlaciudad.com\/wp-content\/uploads\/2020\/12\/IR1-portada-3000x1200-1-768x307.jpg 768w, https:\/\/reciclarseenlaciudad.com\/wp-content\/uploads\/2020\/12\/IR1-portada-3000x1200-1-1536x614.jpg 1536w, https:\/\/reciclarseenlaciudad.com\/wp-content\/uploads\/2020\/12\/IR1-portada-3000x1200-1-2048x819.jpg 2048w\" sizes=\"(max-width: 2560px) 100vw, 2560px\" \/>\t\t\t\t\t\t\t\t\t\t\t\t\t\t\t<\/div>\n\t\t\t\t<\/div>\n\t\t\t\t\t<\/div>\n\t\t<\/div>\n\t\t\t\t\t<\/div>\n\t\t<\/section>\n\t\t\t\t<section class=\"elementor-section elementor-top-section elementor-element elementor-element-6255fd6 elementor-section-boxed elementor-section-height-default elementor-section-height-default\" data-id=\"6255fd6\" data-element_type=\"section\" data-e-type=\"section\">\n\t\t\t\t\t\t<div class=\"elementor-container elementor-column-gap-default\">\n\t\t\t\t\t<div class=\"elementor-column elementor-col-100 elementor-top-column elementor-element elementor-element-b2d9ab8\" data-id=\"b2d9ab8\" data-element_type=\"column\" data-e-type=\"column\">\n\t\t\t<div class=\"elementor-widget-wrap elementor-element-populated\">\n\t\t\t\t\t\t<section class=\"elementor-section elementor-inner-section elementor-element elementor-element-19d8828 elementor-section-boxed elementor-section-height-default elementor-section-height-default\" data-id=\"19d8828\" data-element_type=\"section\" data-e-type=\"section\">\n\t\t\t\t\t\t<div class=\"elementor-container elementor-column-gap-default\">\n\t\t\t\t\t<div class=\"elementor-column elementor-col-100 elementor-inner-column elementor-element elementor-element-b4244e0\" data-id=\"b4244e0\" data-element_type=\"column\" data-e-type=\"column\" data-settings=\"{&quot;background_background&quot;:&quot;classic&quot;}\">\n\t\t\t<div class=\"elementor-widget-wrap elementor-element-populated\">\n\t\t\t\t\t\t<div class=\"elementor-element elementor-element-916efd8 elementor-widget elementor-widget-text-editor\" data-id=\"916efd8\" data-element_type=\"widget\" data-e-type=\"widget\" data-widget_type=\"text-editor.default\">\n\t\t\t\t<div class=\"elementor-widget-container\">\n\t\t\t\t\t\t\t\t\t<p>Bienvenidxs a (re)Ciclarse en la ciudad<\/p>\t\t\t\t\t\t\t\t<\/div>\n\t\t\t\t<\/div>\n\t\t\t\t<div class=\"elementor-element elementor-element-ac89d24 elementor-widget elementor-widget-text-editor\" data-id=\"ac89d24\" data-element_type=\"widget\" data-e-type=\"widget\" data-widget_type=\"text-editor.default\">\n\t\t\t\t<div class=\"elementor-widget-container\">\n\t\t\t\t\t\t\t\t\t<p style=\"text-align: center;\"><span style=\"color: var( --e-global-color-8d8366a ); background-color: var( --e-global-color-primary ); letter-spacing: 0.3px;\">Historias de vida, cr\u00f3nicas colaborativas y cr\u00f3nicas fotogr\u00e1ficas <\/span><span style=\"color: var( --e-global-color-8d8366a ); background-color: var( --e-global-color-primary ); letter-spacing: 0.3px;\">de personas y grupos que pedalean en las calles de M\u00e9xico.<\/span><\/p><p style=\"text-align: center;\"><span style=\"color: var( --e-global-color-8d8366a ); letter-spacing: 0.3px; background-color: var( --e-global-color-primary );\">En este proyecto nos interrogamos, desde la comunidad, sobre las geograf\u00edas emergentes de la vida en bicicleta<\/span><span style=\"color: var( --e-global-color-8d8366a ); letter-spacing: 0.3px; background-color: var( --e-global-color-primary );\">.\u00a0<\/span><\/p>\t\t\t\t\t\t\t\t<\/div>\n\t\t\t\t<\/div>\n\t\t\t\t\t<\/div>\n\t\t<\/div>\n\t\t\t\t\t<\/div>\n\t\t<\/section>\n\t\t\t\t\t<\/div>\n\t\t<\/div>\n\t\t\t\t\t<\/div>\n\t\t<\/section>\n\t\t\t\t<section class=\"elementor-section elementor-top-section elementor-element elementor-element-9966ba0 elementor-section-boxed elementor-section-height-default elementor-section-height-default\" data-id=\"9966ba0\" data-element_type=\"section\" data-e-type=\"section\">\n\t\t\t\t\t\t<div class=\"elementor-container elementor-column-gap-default\">\n\t\t\t\t\t<div class=\"elementor-column elementor-col-66 elementor-top-column elementor-element elementor-element-831c886\" data-id=\"831c886\" data-element_type=\"column\" data-e-type=\"column\">\n\t\t\t<div class=\"elementor-widget-wrap elementor-element-populated\">\n\t\t\t\t\t\t<div class=\"elementor-element elementor-element-3a641ae elementor-widget elementor-widget-heading\" data-id=\"3a641ae\" data-element_type=\"widget\" data-e-type=\"widget\" data-widget_type=\"heading.default\">\n\t\t\t\t<div class=\"elementor-widget-container\">\n\t\t\t\t\t<h4 class=\"elementor-heading-title elementor-size-default\">\u00bfPor qu\u00e9 un archivo de historias de ciclismo urbano en M\u00e9xico?<\/h4>\t\t\t\t<\/div>\n\t\t\t\t<\/div>\n\t\t\t\t<div class=\"elementor-element elementor-element-b38f62d elementor-widget elementor-widget-text-editor\" data-id=\"b38f62d\" data-element_type=\"widget\" data-e-type=\"widget\" data-widget_type=\"text-editor.default\">\n\t\t\t\t<div class=\"elementor-widget-container\">\n\t\t\t\t\t\t\t\t\t<p>En la ciudad, la bicicleta es un instrumento con la capacidad de ampliar y diversificar la manera en que pensamos el espacio urbano, el sujeto urbano, y la interacci\u00f3n entre ambos. Un instrumento que rehabilita la imaginaci\u00f3n de nosotros mismos y de los espacios p\u00fablicos. La bici ofrece variadas perspectivas del entorno com\u00fan, y genera un lenguaje para entenderlo mejor. La bici abre nuevos horizontes de significado.<\/p><p>Desde su marginalidad creativa, las y los ciclistas de las ciudades mexicanas tienen historias extraordinarias de su andar. Cada una de ellas es la \u00e9pica personal, a veces \u00edntima, de una relaci\u00f3n \u00fanica con el espacio urbano, y de un cotidiano viaje interior. En su conjunto, estas historias revelan la pluralidad mundos, de tiempos, de experiencias y de convivencias que pueden caber en el espacio hegem\u00f3nico \u2014restrictivo y deshumanizado\u2014 que producen los coches; revelan los varios mundos posibles que se desdoblan, dentro y fuera de nosotros, en el noble acto de pedalear.<\/p>\t\t\t\t\t\t\t\t<\/div>\n\t\t\t\t<\/div>\n\t\t\t\t\t<\/div>\n\t\t<\/div>\n\t\t\t\t<div class=\"elementor-column elementor-col-33 elementor-top-column elementor-element elementor-element-581be88\" data-id=\"581be88\" data-element_type=\"column\" data-e-type=\"column\">\n\t\t\t<div class=\"elementor-widget-wrap elementor-element-populated\">\n\t\t\t\t\t\t<div class=\"elementor-element elementor-element-585d476 elementor-widget elementor-widget-image\" data-id=\"585d476\" data-element_type=\"widget\" data-e-type=\"widget\" data-widget_type=\"image.default\">\n\t\t\t\t<div class=\"elementor-widget-container\">\n\t\t\t\t\t\t\t\t\t\t\t\t\t\t\t\t<a href=\"https:\/\/reciclarseenlaciudad.com\/wp-content\/uploads\/2020\/10\/M-Vero-andando-ok.jpg\" data-elementor-open-lightbox=\"yes\" data-elementor-lightbox-title=\"Untitled-1\" data-e-action-hash=\"#elementor-action%3Aaction%3Dlightbox%26settings%3DeyJpZCI6NzgyLCJ1cmwiOiJodHRwczpcL1wvcmVjaWNsYXJzZWVubGFjaXVkYWQuY29tXC93cC1jb250ZW50XC91cGxvYWRzXC8yMDIwXC8xMFwvTS1WZXJvLWFuZGFuZG8tb2suanBnIn0%3D\">\n\t\t\t\t\t\t\t<img decoding=\"async\" width=\"1024\" height=\"570\" src=\"https:\/\/reciclarseenlaciudad.com\/wp-content\/uploads\/2020\/10\/M-Vero-andando-ok-1024x570.jpg\" class=\"attachment-large size-large wp-image-782\" alt=\"\" srcset=\"https:\/\/reciclarseenlaciudad.com\/wp-content\/uploads\/2020\/10\/M-Vero-andando-ok-1024x570.jpg 1024w, https:\/\/reciclarseenlaciudad.com\/wp-content\/uploads\/2020\/10\/M-Vero-andando-ok-300x167.jpg 300w, https:\/\/reciclarseenlaciudad.com\/wp-content\/uploads\/2020\/10\/M-Vero-andando-ok-768x428.jpg 768w, https:\/\/reciclarseenlaciudad.com\/wp-content\/uploads\/2020\/10\/M-Vero-andando-ok-1536x855.jpg 1536w, https:\/\/reciclarseenlaciudad.com\/wp-content\/uploads\/2020\/10\/M-Vero-andando-ok.jpg 1800w\" sizes=\"(max-width: 1024px) 100vw, 1024px\" \/>\t\t\t\t\t\t\t\t<\/a>\n\t\t\t\t\t\t\t\t\t\t\t\t\t\t\t<\/div>\n\t\t\t\t<\/div>\n\t\t\t\t\t<\/div>\n\t\t<\/div>\n\t\t\t\t\t<\/div>\n\t\t<\/section>\n\t\t\t\t<section class=\"elementor-section elementor-top-section elementor-element elementor-element-77c68a5 elementor-section-boxed elementor-section-height-default elementor-section-height-default\" data-id=\"77c68a5\" data-element_type=\"section\" data-e-type=\"section\">\n\t\t\t\t\t\t<div class=\"elementor-container elementor-column-gap-default\">\n\t\t\t\t\t<div class=\"elementor-column elementor-col-100 elementor-top-column elementor-element elementor-element-4a6ff25\" data-id=\"4a6ff25\" data-element_type=\"column\" data-e-type=\"column\">\n\t\t\t<div class=\"elementor-widget-wrap elementor-element-populated\">\n\t\t\t\t\t\t<div class=\"elementor-element elementor-element-c93ffde elementor-widget elementor-widget-text-editor\" data-id=\"c93ffde\" data-element_type=\"widget\" data-e-type=\"widget\" data-widget_type=\"text-editor.default\">\n\t\t\t\t<div class=\"elementor-widget-container\">\n\t\t\t\t\t\t\t\t\t<p style=\"text-align: left;\"><span style=\"letter-spacing: 0.3px;\">El <a href=\"https:\/\/reciclarseenlaciudad.com\/proyecto\/\">proyecto<\/a> (re)Ciclarse en la ciudad tiene como objetivo agradecer y celebrar a quienes pedalean en nuestras calles, y rendir un homenaje a sus <\/span><a style=\"background-color: #ffffff; letter-spacing: 0.3px;\" href=\"https:\/\/reciclarseenlaciudad.com\/historias\/\">historias<\/a><span style=\"letter-spacing: 0.3px;\">.<\/span><\/p>\t\t\t\t\t\t\t\t<\/div>\n\t\t\t\t<\/div>\n\t\t\t\t\t<\/div>\n\t\t<\/div>\n\t\t\t\t\t<\/div>\n\t\t<\/section>\n\t\t\t\t<section class=\"elementor-section elementor-top-section elementor-element elementor-element-a52dea3 elementor-section-boxed elementor-section-height-default elementor-section-height-default\" data-id=\"a52dea3\" data-element_type=\"section\" data-e-type=\"section\">\n\t\t\t\t\t\t<div class=\"elementor-container elementor-column-gap-default\">\n\t\t\t\t\t<div class=\"elementor-column elementor-col-100 elementor-top-column elementor-element elementor-element-34da6c7\" data-id=\"34da6c7\" data-element_type=\"column\" data-e-type=\"column\">\n\t\t\t<div class=\"elementor-widget-wrap elementor-element-populated\">\n\t\t\t\t\t\t<div class=\"elementor-element elementor-element-cbdbd54 elementor-widget-divider--view-line elementor-widget elementor-widget-divider\" data-id=\"cbdbd54\" data-element_type=\"widget\" data-e-type=\"widget\" data-widget_type=\"divider.default\">\n\t\t\t\t<div class=\"elementor-widget-container\">\n\t\t\t\t\t\t\t<div class=\"elementor-divider\">\n\t\t\t<span class=\"elementor-divider-separator\">\n\t\t\t\t\t\t<\/span>\n\t\t<\/div>\n\t\t\t\t\t\t<\/div>\n\t\t\t\t<\/div>\n\t\t\t\t<div class=\"elementor-element elementor-element-04e6415 elementor-widget elementor-widget-text-editor\" data-id=\"04e6415\" data-element_type=\"widget\" data-e-type=\"widget\" data-widget_type=\"text-editor.default\">\n\t\t\t\t<div class=\"elementor-widget-container\">\n\t\t\t\t\t\t\t\t\t<p style=\"text-align: center;\">\u00daltimas historias<\/p>\t\t\t\t\t\t\t\t<\/div>\n\t\t\t\t<\/div>\n\t\t\t\t<div class=\"elementor-element elementor-element-bbe0c0d elementor-grid-3 elementor-grid-tablet-2 elementor-grid-mobile-1 elementor-posts--thumbnail-top elementor-posts__hover-gradient elementor-widget elementor-widget-posts\" data-id=\"bbe0c0d\" data-element_type=\"widget\" data-e-type=\"widget\" data-settings=\"{&quot;cards_row_gap&quot;:{&quot;unit&quot;:&quot;px&quot;,&quot;size&quot;:51,&quot;sizes&quot;:[]},&quot;cards_columns&quot;:&quot;3&quot;,&quot;cards_columns_tablet&quot;:&quot;2&quot;,&quot;cards_columns_mobile&quot;:&quot;1&quot;,&quot;cards_row_gap_tablet&quot;:{&quot;unit&quot;:&quot;px&quot;,&quot;size&quot;:&quot;&quot;,&quot;sizes&quot;:[]},&quot;cards_row_gap_mobile&quot;:{&quot;unit&quot;:&quot;px&quot;,&quot;size&quot;:&quot;&quot;,&quot;sizes&quot;:[]}}\" data-widget_type=\"posts.cards\">\n\t\t\t\t<div class=\"elementor-widget-container\">\n\t\t\t\t\t\t\t<div class=\"elementor-posts-container elementor-posts elementor-posts--skin-cards elementor-grid\" role=\"list\">\n\t\t\t\t<article class=\"elementor-post elementor-grid-item post-6756 post type-post status-publish format-standard has-post-thumbnail hentry category-oaxaca tag-ambientalismo tag-animales tag-barrio tag-comunidad tag-familia tag-medicina tag-salud tag-salud-mental tag-trabajo\" role=\"listitem\">\n\t\t\t<div class=\"elementor-post__card\">\n\t\t\t\t<a class=\"elementor-post__thumbnail__link\" href=\"https:\/\/reciclarseenlaciudad.com\/en\/lo-que-hace-la-bicicleta\/\" tabindex=\"-1\" ><div class=\"elementor-post__thumbnail\"><img decoding=\"async\" width=\"768\" height=\"376\" src=\"https:\/\/reciclarseenlaciudad.com\/wp-content\/uploads\/2024\/07\/A_Soto_Head-768x376.jpg\" class=\"attachment-medium_large size-medium_large wp-image-6771\" alt=\"\" srcset=\"https:\/\/reciclarseenlaciudad.com\/wp-content\/uploads\/2024\/07\/A_Soto_Head-768x376.jpg 768w, https:\/\/reciclarseenlaciudad.com\/wp-content\/uploads\/2024\/07\/A_Soto_Head-300x147.jpg 300w, https:\/\/reciclarseenlaciudad.com\/wp-content\/uploads\/2024\/07\/A_Soto_Head-1024x501.jpg 1024w, https:\/\/reciclarseenlaciudad.com\/wp-content\/uploads\/2024\/07\/A_Soto_Head-18x9.jpg 18w, https:\/\/reciclarseenlaciudad.com\/wp-content\/uploads\/2024\/07\/A_Soto_Head.jpg 1200w\" sizes=\"(max-width: 768px) 100vw, 768px\" \/><\/div><\/a>\n\t\t\t\t<div class=\"elementor-post__badge\">Oaxaca<\/div>\n\t\t\t\t<div class=\"elementor-post__text\">\n\t\t\t\t<h6 class=\"elementor-post__title\">\n\t\t\t<a href=\"https:\/\/reciclarseenlaciudad.com\/en\/lo-que-hace-la-bicicleta\/\" >\n\t\t\t\tLo que hace la bicicleta\t\t\t<\/a>\n\t\t<\/h6>\n\t\t\t\t<div class=\"elementor-post__excerpt\">\n\t\t\t<p>\u00bfLa conexi\u00f3n entre la bicicleta y la poes\u00eda?  Como dijo Einstein de la bici, para delante, a pedalazos y con equilibrio&#8230; Ceder ante los dem\u00e1s a\u00fan no tengan el derecho. Y all\u00ed entra la poes\u00eda, all\u00ed entra la poes\u00eda. <\/p>\n\t\t<\/div>\n\t\t\n\t\t<a class=\"elementor-post__read-more\" href=\"https:\/\/reciclarseenlaciudad.com\/en\/lo-que-hace-la-bicicleta\/\" aria-label=\"Read more about Lo que hace la bicicleta\" tabindex=\"-1\" >\n\t\t\tLeer m\u00e1s \u00bb\t\t<\/a>\n\n\t\t\t\t<\/div>\n\t\t\t\t\t<\/div>\n\t\t<\/article>\n\t\t\t\t<article class=\"elementor-post elementor-grid-item post-6711 post type-post status-publish format-standard has-post-thumbnail hentry category-tijuana tag-amistad tag-ciudad-de-mexico tag-comunidad tag-empatia tag-feminismo tag-frontera tag-genero tag-geografia tag-pandemia tag-tijuana\" role=\"listitem\">\n\t\t\t<div class=\"elementor-post__card\">\n\t\t\t\t<a class=\"elementor-post__thumbnail__link\" href=\"https:\/\/reciclarseenlaciudad.com\/en\/un-grupo-de-morras\/\" tabindex=\"-1\" ><div class=\"elementor-post__thumbnail\"><img loading=\"lazy\" decoding=\"async\" width=\"768\" height=\"576\" src=\"https:\/\/reciclarseenlaciudad.com\/wp-content\/uploads\/2024\/04\/Una_historia_de_morras-768x576.jpg\" class=\"attachment-medium_large size-medium_large wp-image-6712\" alt=\"\" srcset=\"https:\/\/reciclarseenlaciudad.com\/wp-content\/uploads\/2024\/04\/Una_historia_de_morras-768x576.jpg 768w, https:\/\/reciclarseenlaciudad.com\/wp-content\/uploads\/2024\/04\/Una_historia_de_morras-300x225.jpg 300w, https:\/\/reciclarseenlaciudad.com\/wp-content\/uploads\/2024\/04\/Una_historia_de_morras-1024x768.jpg 1024w, https:\/\/reciclarseenlaciudad.com\/wp-content\/uploads\/2024\/04\/Una_historia_de_morras-1536x1152.jpg 1536w\" sizes=\"(max-width: 768px) 100vw, 768px\" \/><\/div><\/a>\n\t\t\t\t<div class=\"elementor-post__badge\">Tijuana<\/div>\n\t\t\t\t<div class=\"elementor-post__text\">\n\t\t\t\t<h6 class=\"elementor-post__title\">\n\t\t\t<a href=\"https:\/\/reciclarseenlaciudad.com\/en\/un-grupo-de-morras\/\" >\n\t\t\t\tUna historia de morras\t\t\t<\/a>\n\t\t<\/h6>\n\t\t\t\t<div class=\"elementor-post__excerpt\">\n\t\t\t<p>Nosotras quer\u00edamos hacer un grupo que fuera espec\u00edficamente de mujeres. Empezamos con Un Grupo de Morras creo que en abril. Se ha formado un lazo fuerte, amistoso, m\u00e1s all\u00e1 de la bicicleta y eso es lo que est\u00e1 chido. Pues eso era gran parte por lo cual se pele\u00f3 este espacio, porque quer\u00edamos aumentar ese lazo amistoso y crear esa comunidad fuera de ser ciclistas.<\/p>\n<p>Somos un grupo, y esta entrevista, ya no es de Olimpia, ya es de Un grupo de Morras.\u202f <\/p>\n\t\t<\/div>\n\t\t\n\t\t<a class=\"elementor-post__read-more\" href=\"https:\/\/reciclarseenlaciudad.com\/en\/un-grupo-de-morras\/\" aria-label=\"Read more about Una historia de morras\" tabindex=\"-1\" >\n\t\t\tLeer m\u00e1s \u00bb\t\t<\/a>\n\n\t\t\t\t<\/div>\n\t\t\t\t\t<\/div>\n\t\t<\/article>\n\t\t\t\t<article class=\"elementor-post elementor-grid-item post-6698 post type-post status-publish format-standard has-post-thumbnail hentry category-morelia tag-amistad tag-cochismo tag-compartir tag-cuidado tag-geografia tag-veganismo tag-vegetarianismo\" role=\"listitem\">\n\t\t\t<div class=\"elementor-post__card\">\n\t\t\t\t<a class=\"elementor-post__thumbnail__link\" href=\"https:\/\/reciclarseenlaciudad.com\/en\/farah-tavera\/\" tabindex=\"-1\" ><div class=\"elementor-post__thumbnail\"><img loading=\"lazy\" decoding=\"async\" width=\"768\" height=\"576\" src=\"https:\/\/reciclarseenlaciudad.com\/wp-content\/uploads\/2023\/11\/Tavera_01-768x576.jpeg\" class=\"attachment-medium_large size-medium_large wp-image-6699\" alt=\"\" srcset=\"https:\/\/reciclarseenlaciudad.com\/wp-content\/uploads\/2023\/11\/Tavera_01-768x576.jpeg 768w, https:\/\/reciclarseenlaciudad.com\/wp-content\/uploads\/2023\/11\/Tavera_01-300x225.jpeg 300w, https:\/\/reciclarseenlaciudad.com\/wp-content\/uploads\/2023\/11\/Tavera_01-16x12.jpeg 16w, https:\/\/reciclarseenlaciudad.com\/wp-content\/uploads\/2023\/11\/Tavera_01.jpeg 1024w\" sizes=\"(max-width: 768px) 100vw, 768px\" \/><\/div><\/a>\n\t\t\t\t<div class=\"elementor-post__badge\">Morelia<\/div>\n\t\t\t\t<div class=\"elementor-post__text\">\n\t\t\t\t<h6 class=\"elementor-post__title\">\n\t\t\t<a href=\"https:\/\/reciclarseenlaciudad.com\/en\/farah-tavera\/\" >\n\t\t\t\t\u00a1Esta es la experiencia real!\t\t\t<\/a>\n\t\t<\/h6>\n\t\t\t\t<div class=\"elementor-post__excerpt\">\n\t\t\t<p>[la bici] es un reciclar la energ\u00eda, pues el transporte p\u00fablico te chupa la energ\u00eda, provoca cansancio, y en la bici es muy evidente que la energ\u00eda se recicla, se moviliza, en vez de drenarse.<\/p>\n\t\t<\/div>\n\t\t\n\t\t<a class=\"elementor-post__read-more\" href=\"https:\/\/reciclarseenlaciudad.com\/en\/farah-tavera\/\" aria-label=\"Read more about \u00a1Esta es la experiencia real!\" tabindex=\"-1\" >\n\t\t\tLeer m\u00e1s \u00bb\t\t<\/a>\n\n\t\t\t\t<\/div>\n\t\t\t\t\t<\/div>\n\t\t<\/article>\n\t\t\t\t<\/div>\n\t\t\n\t\t\t\t\t\t<\/div>\n\t\t\t\t<\/div>\n\t\t\t\t<div class=\"elementor-element elementor-element-b6c2cf6 elementor-widget elementor-widget-text-editor\" data-id=\"b6c2cf6\" data-element_type=\"widget\" data-e-type=\"widget\" data-widget_type=\"text-editor.default\">\n\t\t\t\t<div class=\"elementor-widget-container\">\n\t\t\t\t\t\t\t\t\t<p style=\"text-align: right;\"><a href=\"https:\/\/reciclarseenlaciudad.com\/historias\/\">M\u00e1s historias \u00bb<\/a><\/p>\t\t\t\t\t\t\t\t<\/div>\n\t\t\t\t<\/div>\n\t\t\t\t\t<\/div>\n\t\t<\/div>\n\t\t\t\t\t<\/div>\n\t\t<\/section>\n\t\t\t\t<section class=\"elementor-section elementor-top-section elementor-element elementor-element-5a41dd0 elementor-section-boxed elementor-section-height-default elementor-section-height-default\" data-id=\"5a41dd0\" data-element_type=\"section\" data-e-type=\"section\">\n\t\t\t\t\t\t<div class=\"elementor-container elementor-column-gap-default\">\n\t\t\t\t\t<div class=\"elementor-column elementor-col-100 elementor-top-column elementor-element elementor-element-ac2c1d8\" data-id=\"ac2c1d8\" data-element_type=\"column\" data-e-type=\"column\">\n\t\t\t<div class=\"elementor-widget-wrap elementor-element-populated\">\n\t\t\t\t\t\t<div class=\"elementor-element elementor-element-a0e7db5 elementor-widget-divider--view-line elementor-widget elementor-widget-divider\" data-id=\"a0e7db5\" data-element_type=\"widget\" data-e-type=\"widget\" data-widget_type=\"divider.default\">\n\t\t\t\t<div class=\"elementor-widget-container\">\n\t\t\t\t\t\t\t<div class=\"elementor-divider\">\n\t\t\t<span class=\"elementor-divider-separator\">\n\t\t\t\t\t\t<\/span>\n\t\t<\/div>\n\t\t\t\t\t\t<\/div>\n\t\t\t\t<\/div>\n\t\t\t\t\t<\/div>\n\t\t<\/div>\n\t\t\t\t\t<\/div>\n\t\t<\/section>\n\t\t\t\t<section class=\"elementor-section elementor-top-section elementor-element elementor-element-38b2624 elementor-section-boxed elementor-section-height-default elementor-section-height-default\" data-id=\"38b2624\" data-element_type=\"section\" data-e-type=\"section\">\n\t\t\t\t\t\t<div class=\"elementor-container elementor-column-gap-default\">\n\t\t\t\t\t<div class=\"elementor-column elementor-col-100 elementor-top-column elementor-element elementor-element-e986ad5\" data-id=\"e986ad5\" data-element_type=\"column\" data-e-type=\"column\">\n\t\t\t<div class=\"elementor-widget-wrap elementor-element-populated\">\n\t\t\t\t\t\t<div class=\"elementor-element elementor-element-3030cfc elementor-widget elementor-widget-text-editor\" data-id=\"3030cfc\" data-element_type=\"widget\" data-e-type=\"widget\" data-widget_type=\"text-editor.default\">\n\t\t\t\t<div class=\"elementor-widget-container\">\n\t\t\t\t\t\t\t\t\t<p style=\"text-align: center;\">Cr\u00f3nica invitada<\/p>\t\t\t\t\t\t\t\t<\/div>\n\t\t\t\t<\/div>\n\t\t\t\t<div class=\"elementor-element elementor-element-1376447 elementor-grid-1 elementor-grid-tablet-2 elementor-grid-mobile-1 elementor-posts--thumbnail-top elementor-widget elementor-widget-posts\" data-id=\"1376447\" data-element_type=\"widget\" data-e-type=\"widget\" data-settings=\"{&quot;classic_columns&quot;:&quot;1&quot;,&quot;classic_columns_tablet&quot;:&quot;2&quot;,&quot;classic_columns_mobile&quot;:&quot;1&quot;,&quot;classic_row_gap&quot;:{&quot;unit&quot;:&quot;px&quot;,&quot;size&quot;:35,&quot;sizes&quot;:[]},&quot;classic_row_gap_tablet&quot;:{&quot;unit&quot;:&quot;px&quot;,&quot;size&quot;:&quot;&quot;,&quot;sizes&quot;:[]},&quot;classic_row_gap_mobile&quot;:{&quot;unit&quot;:&quot;px&quot;,&quot;size&quot;:&quot;&quot;,&quot;sizes&quot;:[]}}\" data-widget_type=\"posts.classic\">\n\t\t\t\t<div class=\"elementor-widget-container\">\n\t\t\t\t\t\t\t<div class=\"elementor-posts-container elementor-posts elementor-posts--skin-classic elementor-grid\" role=\"list\">\n\t\t\t\t<article class=\"elementor-post elementor-grid-item post-6606 crnica type-crnica status-publish has-post-thumbnail hentry category-xoxocotlan\" role=\"listitem\">\n\t\t\t\t<a class=\"elementor-post__thumbnail__link\" href=\"https:\/\/reciclarseenlaciudad.com\/en\/cronicas\/gabi-soto\/\" tabindex=\"-1\" >\n\t\t\t<div class=\"elementor-post__thumbnail\"><img loading=\"lazy\" decoding=\"async\" width=\"768\" height=\"576\" src=\"https:\/\/reciclarseenlaciudad.com\/wp-content\/uploads\/2023\/03\/EstherSoto_4-768x576.jpeg\" class=\"attachment-medium_large size-medium_large wp-image-6620\" alt=\"\" srcset=\"https:\/\/reciclarseenlaciudad.com\/wp-content\/uploads\/2023\/03\/EstherSoto_4-768x576.jpeg 768w, https:\/\/reciclarseenlaciudad.com\/wp-content\/uploads\/2023\/03\/EstherSoto_4-300x225.jpeg 300w, https:\/\/reciclarseenlaciudad.com\/wp-content\/uploads\/2023\/03\/EstherSoto_4-1024x768.jpeg 1024w, https:\/\/reciclarseenlaciudad.com\/wp-content\/uploads\/2023\/03\/EstherSoto_4-1536x1153.jpeg 1536w, https:\/\/reciclarseenlaciudad.com\/wp-content\/uploads\/2023\/03\/EstherSoto_4-16x12.jpeg 16w, https:\/\/reciclarseenlaciudad.com\/wp-content\/uploads\/2023\/03\/EstherSoto_4.jpeg 1599w\" sizes=\"(max-width: 768px) 100vw, 768px\" \/><\/div>\n\t\t<\/a>\n\t\t\t\t<div class=\"elementor-post__text\">\n\t\t\t\t<h1 class=\"elementor-post__title\">\n\t\t\t<a href=\"https:\/\/reciclarseenlaciudad.com\/en\/cronicas\/gabi-soto\/\" >\n\t\t\t\tYo no quer\u00eda ser activista, pero me mataron a mi hermana\t\t\t<\/a>\n\t\t<\/h1>\n\t\t\t\t<div class=\"elementor-post__excerpt\">\n\t\t\t<p>Yo no quer\u00eda ser activista, pero me tuve que armar de valor y denunciar su homicidio ese viernes 18 de diciembre de 2020. Yo no sab\u00eda c\u00f3mo, pero sab\u00eda que deb\u00eda pedir justicia por la muerte de mi hermana Gabriela Soto Garc\u00eda.<\/p>\n\t\t<\/div>\n\t\t\n\t\t<a class=\"elementor-post__read-more\" href=\"https:\/\/reciclarseenlaciudad.com\/en\/cronicas\/gabi-soto\/\" aria-label=\"Read more about Yo no quer\u00eda ser activista, pero me mataron a mi hermana\" tabindex=\"-1\" >\n\t\t\tLEER M\u00c1S \u00bb\t\t<\/a>\n\n\t\t\t\t<\/div>\n\t\t\t\t<\/article>\n\t\t\t\t<\/div>\n\t\t\n\t\t\t\t\t\t<\/div>\n\t\t\t\t<\/div>\n\t\t\t\t<div class=\"elementor-element elementor-element-1afdfac elementor-widget elementor-widget-text-editor\" data-id=\"1afdfac\" data-element_type=\"widget\" data-e-type=\"widget\" data-widget_type=\"text-editor.default\">\n\t\t\t\t<div class=\"elementor-widget-container\">\n\t\t\t\t\t\t\t\t\t<p style=\"text-align: right;\"><a href=\"https:\/\/reciclarseenlaciudad.com\/cronicas\/\">M\u00e1s\u00a0cr\u00f3nicas \u00bb<\/a><\/p>\t\t\t\t\t\t\t\t<\/div>\n\t\t\t\t<\/div>\n\t\t\t\t\t<\/div>\n\t\t<\/div>\n\t\t\t\t\t<\/div>\n\t\t<\/section>\n\t\t\t\t<section class=\"elementor-section elementor-top-section elementor-element elementor-element-437ba7f elementor-section-boxed elementor-section-height-default elementor-section-height-default\" data-id=\"437ba7f\" data-element_type=\"section\" data-e-type=\"section\">\n\t\t\t\t\t\t<div class=\"elementor-container elementor-column-gap-default\">\n\t\t\t\t\t<div class=\"elementor-column elementor-col-100 elementor-top-column elementor-element elementor-element-bc4ef9d\" data-id=\"bc4ef9d\" data-element_type=\"column\" data-e-type=\"column\">\n\t\t\t<div class=\"elementor-widget-wrap elementor-element-populated\">\n\t\t\t\t\t\t<div class=\"elementor-element elementor-element-6616e26 elementor-widget-divider--view-line elementor-widget elementor-widget-divider\" data-id=\"6616e26\" data-element_type=\"widget\" data-e-type=\"widget\" data-widget_type=\"divider.default\">\n\t\t\t\t<div class=\"elementor-widget-container\">\n\t\t\t\t\t\t\t<div class=\"elementor-divider\">\n\t\t\t<span class=\"elementor-divider-separator\">\n\t\t\t\t\t\t<\/span>\n\t\t<\/div>\n\t\t\t\t\t\t<\/div>\n\t\t\t\t<\/div>\n\t\t\t\t\t<\/div>\n\t\t<\/div>\n\t\t\t\t\t<\/div>\n\t\t<\/section>\n\t\t\t\t<section class=\"elementor-section elementor-top-section elementor-element elementor-element-19012d9f elementor-section-content-middle elementor-section-boxed elementor-section-height-default elementor-section-height-default\" data-id=\"19012d9f\" data-element_type=\"section\" data-e-type=\"section\">\n\t\t\t\t\t\t<div class=\"elementor-container elementor-column-gap-no\">\n\t\t\t\t\t<div class=\"elementor-column elementor-col-100 elementor-top-column elementor-element elementor-element-29f50701\" data-id=\"29f50701\" data-element_type=\"column\" data-e-type=\"column\">\n\t\t\t<div class=\"elementor-widget-wrap elementor-element-populated\">\n\t\t\t\t\t\t<section class=\"elementor-section elementor-inner-section elementor-element elementor-element-1ac6739 elementor-section-boxed elementor-section-height-default elementor-section-height-default\" data-id=\"1ac6739\" data-element_type=\"section\" data-e-type=\"section\">\n\t\t\t\t\t\t<div class=\"elementor-container elementor-column-gap-default\">\n\t\t\t\t\t<div class=\"elementor-column elementor-col-100 elementor-inner-column elementor-element elementor-element-c1370fd\" data-id=\"c1370fd\" data-element_type=\"column\" data-e-type=\"column\">\n\t\t\t<div class=\"elementor-widget-wrap elementor-element-populated\">\n\t\t\t\t\t\t<div class=\"elementor-element elementor-element-772863b elementor-widget elementor-widget-text-editor\" data-id=\"772863b\" data-element_type=\"widget\" data-e-type=\"widget\" data-widget_type=\"text-editor.default\">\n\t\t\t\t<div class=\"elementor-widget-container\">\n\t\t\t\t\t\t\t\t\t<p style=\"text-align: center;\">Galer\u00eda invitada<\/p>\t\t\t\t\t\t\t\t<\/div>\n\t\t\t\t<\/div>\n\t\t\t\t\t<\/div>\n\t\t<\/div>\n\t\t\t\t\t<\/div>\n\t\t<\/section>\n\t\t\t\t<section class=\"elementor-section elementor-inner-section elementor-element elementor-element-e7b9b31 elementor-section-boxed elementor-section-height-default elementor-section-height-default\" data-id=\"e7b9b31\" data-element_type=\"section\" data-e-type=\"section\">\n\t\t\t\t\t\t<div class=\"elementor-container elementor-column-gap-default\">\n\t\t\t\t\t<div class=\"elementor-column elementor-col-100 elementor-inner-column elementor-element elementor-element-4503c61\" data-id=\"4503c61\" data-element_type=\"column\" data-e-type=\"column\">\n\t\t\t<div class=\"elementor-widget-wrap elementor-element-populated\">\n\t\t\t\t\t\t<div class=\"elementor-element elementor-element-f4369cf elementor-widget elementor-widget-text-editor\" data-id=\"f4369cf\" data-element_type=\"widget\" data-e-type=\"widget\" data-widget_type=\"text-editor.default\">\n\t\t\t\t<div class=\"elementor-widget-container\">\n\t\t\t\t\t\t\t\t\t<p><strong>Chambeando sobre ruedas<\/strong><\/p>\t\t\t\t\t\t\t\t<\/div>\n\t\t\t\t<\/div>\n\t\t\t\t<div class=\"elementor-element elementor-element-11bb922 elementor-widget elementor-widget-heading\" data-id=\"11bb922\" data-element_type=\"widget\" data-e-type=\"widget\" data-widget_type=\"heading.default\">\n\t\t\t\t<div class=\"elementor-widget-container\">\n\t\t\t\t\t<h6 class=\"elementor-heading-title elementor-size-default\">\u00a9 M\u00f3nica Rivera, 2026<\/h6>\t\t\t\t<\/div>\n\t\t\t\t<\/div>\n\t\t\t\t\t<\/div>\n\t\t<\/div>\n\t\t\t\t\t<\/div>\n\t\t<\/section>\n\t\t\t\t\t<\/div>\n\t\t<\/div>\n\t\t\t\t\t<\/div>\n\t\t<\/section>\n\t\t\t\t<section class=\"elementor-section elementor-top-section elementor-element elementor-element-a6bdd22 elementor-section-boxed elementor-section-height-default elementor-section-height-default\" data-id=\"a6bdd22\" data-element_type=\"section\" data-e-type=\"section\">\n\t\t\t\t\t\t<div class=\"elementor-container elementor-column-gap-default\">\n\t\t\t\t\t<div class=\"elementor-column elementor-col-100 elementor-top-column elementor-element elementor-element-8e5ab88\" data-id=\"8e5ab88\" data-element_type=\"column\" data-e-type=\"column\">\n\t\t\t<div class=\"elementor-widget-wrap elementor-element-populated\">\n\t\t\t\t\t\t<div class=\"elementor-element elementor-element-16aca3f elementor-skin-carousel elementor-arrows-yes elementor-pagination-type-bullets elementor-pagination-position-outside elementor-widget elementor-widget-media-carousel\" data-id=\"16aca3f\" data-element_type=\"widget\" data-e-type=\"widget\" data-settings=\"{&quot;slides_per_view&quot;:&quot;4&quot;,&quot;slides_to_scroll&quot;:&quot;4&quot;,&quot;speed&quot;:5000,&quot;skin&quot;:&quot;carousel&quot;,&quot;effect&quot;:&quot;slide&quot;,&quot;show_arrows&quot;:&quot;yes&quot;,&quot;pagination&quot;:&quot;bullets&quot;,&quot;autoplay&quot;:&quot;yes&quot;,&quot;autoplay_speed&quot;:5000,&quot;loop&quot;:&quot;yes&quot;,&quot;pause_on_hover&quot;:&quot;yes&quot;,&quot;pause_on_interaction&quot;:&quot;yes&quot;,&quot;space_between&quot;:{&quot;unit&quot;:&quot;px&quot;,&quot;size&quot;:10,&quot;sizes&quot;:[]},&quot;space_between_tablet&quot;:{&quot;unit&quot;:&quot;px&quot;,&quot;size&quot;:10,&quot;sizes&quot;:[]},&quot;space_between_mobile&quot;:{&quot;unit&quot;:&quot;px&quot;,&quot;size&quot;:10,&quot;sizes&quot;:[]}}\" data-widget_type=\"media-carousel.default\">\n\t\t\t\t<div class=\"elementor-widget-container\">\n\t\t\t\t\t\t\t\t\t<div class=\"elementor-swiper\">\n\t\t\t\t\t<div class=\"elementor-main-swiper swiper\" role=\"region\" aria-roledescription=\"carousel\" aria-label=\"Slides\">\n\t\t\t\t<div class=\"swiper-wrapper\">\n\t\t\t\t\t\t\t\t\t\t\t<div class=\"swiper-slide\" role=\"group\" aria-roledescription=\"slide\">\n\t\t\t\t\t\t\t<a href=\"https:\/\/reciclarseenlaciudad.com\/wp-content\/uploads\/2026\/02\/01.jpg\" data-elementor-open-lightbox=\"yes\" data-elementor-lightbox-slideshow=\"16aca3f\" data-elementor-lightbox-title=\"01\" data-e-action-hash=\"#elementor-action%3Aaction%3Dlightbox%26settings%3DeyJpZCI6NjgxNCwidXJsIjoiaHR0cHM6XC9cL3JlY2ljbGFyc2VlbmxhY2l1ZGFkLmNvbVwvd3AtY29udGVudFwvdXBsb2Fkc1wvMjAyNlwvMDJcLzAxLndlYnAiLCJzbGlkZXNob3ciOiIxNmFjYTNmIn0%3D\">\t\t<div class=\"elementor-carousel-image\" role=\"img\" aria-label=\"01\" style=\"background-image: url(&#039;https:\/\/reciclarseenlaciudad.com\/wp-content\/uploads\/2026\/02\/01.webp&#039;)\">\n\n\t\t\t\n\t\t\t\t\t<\/div>\n\t\t<\/a>\t\t\t\t\t\t<\/div>\n\t\t\t\t\t\t\t\t\t\t\t<div class=\"swiper-slide\" role=\"group\" aria-roledescription=\"slide\">\n\t\t\t\t\t\t\t<a href=\"https:\/\/reciclarseenlaciudad.com\/wp-content\/uploads\/2026\/02\/02.jpg\" data-elementor-open-lightbox=\"yes\" data-elementor-lightbox-slideshow=\"16aca3f\" data-elementor-lightbox-title=\"02\" data-e-action-hash=\"#elementor-action%3Aaction%3Dlightbox%26settings%3DeyJpZCI6NjgxNSwidXJsIjoiaHR0cHM6XC9cL3JlY2ljbGFyc2VlbmxhY2l1ZGFkLmNvbVwvd3AtY29udGVudFwvdXBsb2Fkc1wvMjAyNlwvMDJcLzAyLndlYnAiLCJzbGlkZXNob3ciOiIxNmFjYTNmIn0%3D\">\t\t<div class=\"elementor-carousel-image\" role=\"img\" aria-label=\"02\" style=\"background-image: url(&#039;https:\/\/reciclarseenlaciudad.com\/wp-content\/uploads\/2026\/02\/02.webp&#039;)\">\n\n\t\t\t\n\t\t\t\t\t<\/div>\n\t\t<\/a>\t\t\t\t\t\t<\/div>\n\t\t\t\t\t\t\t\t\t\t\t<div class=\"swiper-slide\" role=\"group\" aria-roledescription=\"slide\">\n\t\t\t\t\t\t\t<a href=\"https:\/\/reciclarseenlaciudad.com\/wp-content\/uploads\/2026\/02\/03-scaled.jpg\" data-elementor-open-lightbox=\"yes\" data-elementor-lightbox-slideshow=\"16aca3f\" data-elementor-lightbox-title=\"03\" data-e-action-hash=\"#elementor-action%3Aaction%3Dlightbox%26settings%3DeyJpZCI6NjgxNiwidXJsIjoiaHR0cHM6XC9cL3JlY2ljbGFyc2VlbmxhY2l1ZGFkLmNvbVwvd3AtY29udGVudFwvdXBsb2Fkc1wvMjAyNlwvMDJcLzAzLXNjYWxlZC53ZWJwIiwic2xpZGVzaG93IjoiMTZhY2EzZiJ9\">\t\t<div class=\"elementor-carousel-image\" role=\"img\" aria-label=\"03\" style=\"background-image: url(&#039;https:\/\/reciclarseenlaciudad.com\/wp-content\/uploads\/2026\/02\/03-scaled.webp&#039;)\">\n\n\t\t\t\n\t\t\t\t\t<\/div>\n\t\t<\/a>\t\t\t\t\t\t<\/div>\n\t\t\t\t\t\t\t\t\t\t\t<div class=\"swiper-slide\" role=\"group\" aria-roledescription=\"slide\">\n\t\t\t\t\t\t\t<a href=\"https:\/\/reciclarseenlaciudad.com\/wp-content\/uploads\/2026\/02\/09.jpg\" data-elementor-open-lightbox=\"yes\" data-elementor-lightbox-slideshow=\"16aca3f\" data-elementor-lightbox-title=\"09\" data-e-action-hash=\"#elementor-action%3Aaction%3Dlightbox%26settings%3DeyJpZCI6NjgxMywidXJsIjoiaHR0cHM6XC9cL3JlY2ljbGFyc2VlbmxhY2l1ZGFkLmNvbVwvd3AtY29udGVudFwvdXBsb2Fkc1wvMjAyNlwvMDJcLzA5LndlYnAiLCJzbGlkZXNob3ciOiIxNmFjYTNmIn0%3D\">\t\t<div class=\"elementor-carousel-image\" role=\"img\" aria-label=\"09\" style=\"background-image: url(&#039;https:\/\/reciclarseenlaciudad.com\/wp-content\/uploads\/2026\/02\/09.webp&#039;)\">\n\n\t\t\t\n\t\t\t\t\t<\/div>\n\t\t<\/a>\t\t\t\t\t\t<\/div>\n\t\t\t\t\t\t\t\t\t\t\t<div class=\"swiper-slide\" role=\"group\" aria-roledescription=\"slide\">\n\t\t\t\t\t\t\t<a href=\"https:\/\/reciclarseenlaciudad.com\/wp-content\/uploads\/2026\/02\/04.jpg\" data-elementor-open-lightbox=\"yes\" data-elementor-lightbox-slideshow=\"16aca3f\" data-elementor-lightbox-title=\"04\" data-e-action-hash=\"#elementor-action%3Aaction%3Dlightbox%26settings%3DeyJpZCI6NjgwOCwidXJsIjoiaHR0cHM6XC9cL3JlY2ljbGFyc2VlbmxhY2l1ZGFkLmNvbVwvd3AtY29udGVudFwvdXBsb2Fkc1wvMjAyNlwvMDJcLzA0LmpwZyIsInNsaWRlc2hvdyI6IjE2YWNhM2YifQ%3D%3D\">\t\t<div class=\"elementor-carousel-image\" role=\"img\" aria-label=\"04\" style=\"background-image: url(&#039;https:\/\/reciclarseenlaciudad.com\/wp-content\/uploads\/2026\/02\/04.jpg&#039;)\">\n\n\t\t\t\n\t\t\t\t\t<\/div>\n\t\t<\/a>\t\t\t\t\t\t<\/div>\n\t\t\t\t\t\t\t\t\t\t\t<div class=\"swiper-slide\" role=\"group\" aria-roledescription=\"slide\">\n\t\t\t\t\t\t\t<a href=\"https:\/\/reciclarseenlaciudad.com\/wp-content\/uploads\/2026\/02\/05.jpg\" data-elementor-open-lightbox=\"yes\" data-elementor-lightbox-slideshow=\"16aca3f\" data-elementor-lightbox-title=\"05\" data-e-action-hash=\"#elementor-action%3Aaction%3Dlightbox%26settings%3DeyJpZCI6NjgwOSwidXJsIjoiaHR0cHM6XC9cL3JlY2ljbGFyc2VlbmxhY2l1ZGFkLmNvbVwvd3AtY29udGVudFwvdXBsb2Fkc1wvMjAyNlwvMDJcLzA1LmpwZyIsInNsaWRlc2hvdyI6IjE2YWNhM2YifQ%3D%3D\">\t\t<div class=\"elementor-carousel-image\" role=\"img\" aria-label=\"05\" style=\"background-image: url(&#039;https:\/\/reciclarseenlaciudad.com\/wp-content\/uploads\/2026\/02\/05.jpg&#039;)\">\n\n\t\t\t\n\t\t\t\t\t<\/div>\n\t\t<\/a>\t\t\t\t\t\t<\/div>\n\t\t\t\t\t\t\t\t\t\t\t<div class=\"swiper-slide\" role=\"group\" aria-roledescription=\"slide\">\n\t\t\t\t\t\t\t<a href=\"https:\/\/reciclarseenlaciudad.com\/wp-content\/uploads\/2026\/02\/06.jpg\" data-elementor-open-lightbox=\"yes\" data-elementor-lightbox-slideshow=\"16aca3f\" data-elementor-lightbox-title=\"06\" data-e-action-hash=\"#elementor-action%3Aaction%3Dlightbox%26settings%3DeyJpZCI6NjgxMCwidXJsIjoiaHR0cHM6XC9cL3JlY2ljbGFyc2VlbmxhY2l1ZGFkLmNvbVwvd3AtY29udGVudFwvdXBsb2Fkc1wvMjAyNlwvMDJcLzA2LmpwZyIsInNsaWRlc2hvdyI6IjE2YWNhM2YifQ%3D%3D\">\t\t<div class=\"elementor-carousel-image\" role=\"img\" aria-label=\"06\" style=\"background-image: url(&#039;https:\/\/reciclarseenlaciudad.com\/wp-content\/uploads\/2026\/02\/06.jpg&#039;)\">\n\n\t\t\t\n\t\t\t\t\t<\/div>\n\t\t<\/a>\t\t\t\t\t\t<\/div>\n\t\t\t\t\t\t\t\t\t\t\t<div class=\"swiper-slide\" role=\"group\" aria-roledescription=\"slide\">\n\t\t\t\t\t\t\t<a href=\"https:\/\/reciclarseenlaciudad.com\/wp-content\/uploads\/2026\/02\/08.jpg\" data-elementor-open-lightbox=\"yes\" data-elementor-lightbox-slideshow=\"16aca3f\" data-elementor-lightbox-title=\"08\" data-e-action-hash=\"#elementor-action%3Aaction%3Dlightbox%26settings%3DeyJpZCI6NjgxMiwidXJsIjoiaHR0cHM6XC9cL3JlY2ljbGFyc2VlbmxhY2l1ZGFkLmNvbVwvd3AtY29udGVudFwvdXBsb2Fkc1wvMjAyNlwvMDJcLzA4LmpwZyIsInNsaWRlc2hvdyI6IjE2YWNhM2YifQ%3D%3D\">\t\t<div class=\"elementor-carousel-image\" role=\"img\" aria-label=\"08\" style=\"background-image: url(&#039;https:\/\/reciclarseenlaciudad.com\/wp-content\/uploads\/2026\/02\/08.jpg&#039;)\">\n\n\t\t\t\n\t\t\t\t\t<\/div>\n\t\t<\/a>\t\t\t\t\t\t<\/div>\n\t\t\t\t\t\t\t\t\t\t\t<div class=\"swiper-slide\" role=\"group\" aria-roledescription=\"slide\">\n\t\t\t\t\t\t\t<a href=\"https:\/\/reciclarseenlaciudad.com\/wp-content\/uploads\/2026\/02\/07.jpg\" data-elementor-open-lightbox=\"yes\" data-elementor-lightbox-slideshow=\"16aca3f\" data-elementor-lightbox-title=\"07\" data-e-action-hash=\"#elementor-action%3Aaction%3Dlightbox%26settings%3DeyJpZCI6NjgxMSwidXJsIjoiaHR0cHM6XC9cL3JlY2ljbGFyc2VlbmxhY2l1ZGFkLmNvbVwvd3AtY29udGVudFwvdXBsb2Fkc1wvMjAyNlwvMDJcLzA3LmpwZyIsInNsaWRlc2hvdyI6IjE2YWNhM2YifQ%3D%3D\">\t\t<div class=\"elementor-carousel-image\" role=\"img\" aria-label=\"07\" style=\"background-image: url(&#039;https:\/\/reciclarseenlaciudad.com\/wp-content\/uploads\/2026\/02\/07.jpg&#039;)\">\n\n\t\t\t\n\t\t\t\t\t<\/div>\n\t\t<\/a>\t\t\t\t\t\t<\/div>\n\t\t\t\t\t\t\t\t\t<\/div>\n\t\t\t\t\t\t\t\t\t\t\t\t\t\t\t<div class=\"elementor-swiper-button elementor-swiper-button-prev\" role=\"button\" tabindex=\"0\" aria-label=\"Previous\">\n\t\t\t\t\t\t\t<i aria-hidden=\"true\" class=\"eicon-chevron-left\"><\/i>\t\t\t\t\t\t<\/div>\n\t\t\t\t\t\t<div class=\"elementor-swiper-button elementor-swiper-button-next\" role=\"button\" tabindex=\"0\" aria-label=\"Next\">\n\t\t\t\t\t\t\t<i aria-hidden=\"true\" class=\"eicon-chevron-right\"><\/i>\t\t\t\t\t\t<\/div>\n\t\t\t\t\t\t\t\t\t\t\t\t\t\t\t\t<div class=\"swiper-pagination\"><\/div>\n\t\t\t\t\t\t\t\t\t\t\t\t<\/div>\n\t\t\t\t<\/div>\n\t\t\t\t\t\t\t\t<\/div>\n\t\t\t\t<\/div>\n\t\t\t\t<div class=\"elementor-element elementor-element-0eebae4 elementor-widget elementor-widget-text-editor\" data-id=\"0eebae4\" data-element_type=\"widget\" data-e-type=\"widget\" data-widget_type=\"text-editor.default\">\n\t\t\t\t<div class=\"elementor-widget-container\">\n\t\t\t\t\t\t\t\t\t<p><span lang=\"ES\">Soy M\u00f3nica Rivera, artivista y ciclista urbana. Estas piezas en linograbado muestran econom\u00edas populares sobre ruedas en M\u00e9xico; econom\u00edas que sostienen la vida cotidiana con dignidad y creatividad. Cada trazo busca visibilizar a quienes pedalean trabajo, comunidad y resistencia. Estos grabados son un homenaje a la movilidad que nace del pueblo y a la memoria que rueda.<\/span><\/p>\t\t\t\t\t\t\t\t<\/div>\n\t\t\t\t<\/div>\n\t\t\t\t<div class=\"elementor-element elementor-element-c593ca1 elementor-align-end elementor-icon-list--layout-traditional elementor-list-item-link-full_width elementor-widget elementor-widget-icon-list\" data-id=\"c593ca1\" data-element_type=\"widget\" data-e-type=\"widget\" data-widget_type=\"icon-list.default\">\n\t\t\t\t<div class=\"elementor-widget-container\">\n\t\t\t\t\t\t\t<ul class=\"elementor-icon-list-items\">\n\t\t\t\t\t\t\t<li class=\"elementor-icon-list-item\">\n\t\t\t\t\t\t\t\t\t\t\t<a href=\"https:\/\/instagram.com\/moni.cletera\" target=\"_blank\">\n\n\t\t\t\t\t\t\t\t\t\t\t\t<span class=\"elementor-icon-list-icon\">\n\t\t\t\t\t\t\t<i aria-hidden=\"true\" class=\"fab fa-instagram\"><\/i>\t\t\t\t\t\t<\/span>\n\t\t\t\t\t\t\t\t\t\t<span class=\"elementor-icon-list-text\">@moni.cletera<\/span>\n\t\t\t\t\t\t\t\t\t\t\t<\/a>\n\t\t\t\t\t\t\t\t\t<\/li>\n\t\t\t\t\t\t\t\t<li class=\"elementor-icon-list-item\">\n\t\t\t\t\t\t\t\t\t\t\t<a href=\"https:\/\/instagram.com\/bicigrafica\" target=\"_blank\">\n\n\t\t\t\t\t\t\t\t\t\t\t\t<span class=\"elementor-icon-list-icon\">\n\t\t\t\t\t\t\t<i aria-hidden=\"true\" class=\"fab fa-instagram\"><\/i>\t\t\t\t\t\t<\/span>\n\t\t\t\t\t\t\t\t\t\t<span class=\"elementor-icon-list-text\">@bicigrafica<\/span>\n\t\t\t\t\t\t\t\t\t\t\t<\/a>\n\t\t\t\t\t\t\t\t\t<\/li>\n\t\t\t\t\t\t<\/ul>\n\t\t\t\t\t\t<\/div>\n\t\t\t\t<\/div>\n\t\t\t\t\t<\/div>\n\t\t<\/div>\n\t\t\t\t\t<\/div>\n\t\t<\/section>\n\t\t\t\t<section class=\"elementor-section elementor-top-section elementor-element elementor-element-dd525fe elementor-section-boxed elementor-section-height-default elementor-section-height-default\" data-id=\"dd525fe\" data-element_type=\"section\" data-e-type=\"section\">\n\t\t\t\t\t\t<div class=\"elementor-container elementor-column-gap-default\">\n\t\t\t\t\t<div class=\"elementor-column elementor-col-100 elementor-top-column elementor-element elementor-element-3fc6566\" data-id=\"3fc6566\" data-element_type=\"column\" data-e-type=\"column\">\n\t\t\t<div class=\"elementor-widget-wrap elementor-element-populated\">\n\t\t\t\t\t\t<div class=\"elementor-element elementor-element-153f8fd elementor-widget elementor-widget-text-editor\" data-id=\"153f8fd\" data-element_type=\"widget\" data-e-type=\"widget\" data-widget_type=\"text-editor.default\">\n\t\t\t\t<div class=\"elementor-widget-container\">\n\t\t\t\t\t\t\t\t\t<p style=\"text-align: right;\"><a href=\"https:\/\/reciclarseenlaciudad.com\/galerias\/\">M\u00e1s galer\u00edas \u00bb<\/a><\/p>\t\t\t\t\t\t\t\t<\/div>\n\t\t\t\t<\/div>\n\t\t\t\t\t<\/div>\n\t\t<\/div>\n\t\t\t\t\t<\/div>\n\t\t<\/section>\n\t\t\t\t<section class=\"elementor-section elementor-top-section elementor-element elementor-element-15f73ccf elementor-section-boxed elementor-section-height-default elementor-section-height-default\" data-id=\"15f73ccf\" data-element_type=\"section\" data-e-type=\"section\">\n\t\t\t\t\t\t<div class=\"elementor-container elementor-column-gap-default\">\n\t\t\t\t\t<div class=\"elementor-column elementor-col-100 elementor-top-column elementor-element elementor-element-2529d683\" data-id=\"2529d683\" data-element_type=\"column\" data-e-type=\"column\">\n\t\t\t<div class=\"elementor-widget-wrap elementor-element-populated\">\n\t\t\t\t\t\t<div class=\"elementor-element elementor-element-256b43d elementor-widget-divider--view-line elementor-widget elementor-widget-divider\" data-id=\"256b43d\" data-element_type=\"widget\" data-e-type=\"widget\" data-widget_type=\"divider.default\">\n\t\t\t\t<div class=\"elementor-widget-container\">\n\t\t\t\t\t\t\t<div class=\"elementor-divider\">\n\t\t\t<span class=\"elementor-divider-separator\">\n\t\t\t\t\t\t<\/span>\n\t\t<\/div>\n\t\t\t\t\t\t<\/div>\n\t\t\t\t<\/div>\n\t\t\t\t\t<\/div>\n\t\t<\/div>\n\t\t\t\t\t<\/div>\n\t\t<\/section>\n\t\t\t\t<section class=\"elementor-section elementor-top-section elementor-element elementor-element-059aa68 elementor-section-boxed elementor-section-height-default elementor-section-height-default\" data-id=\"059aa68\" data-element_type=\"section\" data-e-type=\"section\">\n\t\t\t\t\t\t<div class=\"elementor-container elementor-column-gap-default\">\n\t\t\t\t\t<div class=\"elementor-column elementor-col-100 elementor-top-column elementor-element elementor-element-a91f7b1\" data-id=\"a91f7b1\" data-element_type=\"column\" data-e-type=\"column\">\n\t\t\t<div class=\"elementor-widget-wrap elementor-element-populated\">\n\t\t\t\t\t\t<div class=\"elementor-element elementor-element-6a1e718 elementor-widget elementor-widget-video\" data-id=\"6a1e718\" data-element_type=\"widget\" data-e-type=\"widget\" data-settings=\"{&quot;youtube_url&quot;:&quot;https:\\\/\\\/youtu.be\\\/Y3_8ucqWHQ4&quot;,&quot;video_type&quot;:&quot;youtube&quot;}\" data-widget_type=\"video.default\">\n\t\t\t\t<div class=\"elementor-widget-container\">\n\t\t\t\t\t\t\t<div class=\"elementor-wrapper elementor-open-inline\">\n\t\t\t<div class=\"elementor-video\"><\/div>\t\t<\/div>\n\t\t\t\t\t\t<\/div>\n\t\t\t\t<\/div>\n\t\t\t\t\t<\/div>\n\t\t<\/div>\n\t\t\t\t\t<\/div>\n\t\t<\/section>\n\t\t\t\t<section class=\"elementor-section elementor-top-section elementor-element elementor-element-870aa08 elementor-section-boxed elementor-section-height-default elementor-section-height-default\" data-id=\"870aa08\" data-element_type=\"section\" data-e-type=\"section\">\n\t\t\t\t\t\t<div class=\"elementor-container elementor-column-gap-default\">\n\t\t\t\t\t<div class=\"elementor-column elementor-col-100 elementor-top-column elementor-element elementor-element-9b1879f\" data-id=\"9b1879f\" data-element_type=\"column\" data-e-type=\"column\">\n\t\t\t<div class=\"elementor-widget-wrap elementor-element-populated\">\n\t\t\t\t\t\t<div class=\"elementor-element elementor-element-0760470 elementor-blockquote--skin-quotation elementor-widget elementor-widget-blockquote\" data-id=\"0760470\" data-element_type=\"widget\" data-e-type=\"widget\" data-widget_type=\"blockquote.default\">\n\t\t\t\t<div class=\"elementor-widget-container\">\n\t\t\t\t\t\t\t<blockquote class=\"elementor-blockquote\">\n\t\t\t<p class=\"elementor-blockquote__content\">\n\t\t\t\t<b>(re)Ciclar<\/b> es volver a utilizar las materias ya gastadas o en desuso; darles nueva vida y nuevas formas; verlas como posibilidad o promesa. Eso es lo que hace la bicicleta, no s\u00f3lo con las materias gastadas y abusadas de la ciudad, sino de la existencia: les da nuevas formas, nuevas posibilidades, nuevas vidas \u2014y otra vez, y otra vez. Nos cicla, nos recicla\u2026\t\t\t<\/p>\n\t\t\t\t\t\t\t<div class=\"e-q-footer\">\n\t\t\t\t\t\t\t\t\t\t\t<cite class=\"elementor-blockquote__author\">Proyecto (re)Ciclarse en la ciudad<\/cite>\n\t\t\t\t\t\t\t\t\t\t\t\t\t\t<\/div>\n\t\t\t\t\t<\/blockquote>\n\t\t\t\t\t\t<\/div>\n\t\t\t\t<\/div>\n\t\t\t\t\t<\/div>\n\t\t<\/div>\n\t\t\t\t\t<\/div>\n\t\t<\/section>\n\t\t\t\t<section class=\"elementor-section elementor-top-section elementor-element elementor-element-a8dac7d elementor-section-boxed elementor-section-height-default elementor-section-height-default\" data-id=\"a8dac7d\" data-element_type=\"section\" data-e-type=\"section\">\n\t\t\t\t\t\t<div class=\"elementor-container elementor-column-gap-default\">\n\t\t\t\t\t<div class=\"elementor-column elementor-col-100 elementor-top-column elementor-element elementor-element-9884844\" data-id=\"9884844\" data-element_type=\"column\" data-e-type=\"column\">\n\t\t\t<div class=\"elementor-widget-wrap elementor-element-populated\">\n\t\t\t\t\t\t<div class=\"elementor-element elementor-element-bc6443f elementor-widget elementor-widget-image\" data-id=\"bc6443f\" data-element_type=\"widget\" data-e-type=\"widget\" data-widget_type=\"image.default\">\n\t\t\t\t<div class=\"elementor-widget-container\">\n\t\t\t\t\t\t\t\t\t\t\t\t\t\t\t<img loading=\"lazy\" decoding=\"async\" width=\"89\" height=\"55\" src=\"https:\/\/reciclarseenlaciudad.com\/wp-content\/uploads\/2020\/10\/Icono-Reciclarse-89x55-3.png\" class=\"attachment-large size-large wp-image-2329\" alt=\"\" \/>\t\t\t\t\t\t\t\t\t\t\t\t\t\t\t<\/div>\n\t\t\t\t<\/div>\n\t\t\t\t\t<\/div>\n\t\t<\/div>\n\t\t\t\t\t<\/div>\n\t\t<\/section>\n\t\t\t\t<\/div>\n\t\t","protected":false},"excerpt":{"rendered":"<p>Bienvenidxs a (re)Ciclarse en la ciudad Historias de vida, cr\u00f3nicas colaborativas y cr\u00f3nicas fotogr\u00e1ficas de personas y grupos que pedalean en las calles de M\u00e9xico. En este proyecto nos interrogamos, desde la comunidad, sobre las geograf\u00edas emergentes de la vida en bicicleta.\u00a0 \u00bfPor qu\u00e9 un archivo de historias de ciclismo urbano en M\u00e9xico? En la [&hellip;]<\/p>\n","protected":false},"author":1,"featured_media":0,"parent":0,"menu_order":0,"comment_status":"closed","ping_status":"closed","template":"","meta":{"nf_dc_page":"","site-sidebar-layout":"no-sidebar","site-content-layout":"page-builder","ast-site-content-layout":"default","site-content-style":"default","site-sidebar-style":"default","ast-global-header-display":"","ast-banner-title-visibility":"","ast-main-header-display":"","ast-hfb-above-header-display":"","ast-hfb-below-header-display":"","ast-hfb-mobile-header-display":"","site-post-title":"disabled","ast-breadcrumbs-content":"","ast-featured-img":"disabled","footer-sml-layout":"","ast-disable-related-posts":"","theme-transparent-header-meta":"enabled","adv-header-id-meta":"","stick-header-meta":"","header-above-stick-meta":"","header-main-stick-meta":"","header-below-stick-meta":"","astra-migrate-meta-layouts":"default","ast-page-background-enabled":"default","ast-page-background-meta":{"desktop":{"background-color":"var(--ast-global-color-4)","background-image":"","background-repeat":"repeat","background-position":"center center","background-size":"auto","background-attachment":"scroll","background-type":"","background-media":"","overlay-type":"","overlay-color":"","overlay-opacity":"","overlay-gradient":""},"tablet":{"background-color":"","background-image":"","background-repeat":"repeat","background-position":"center center","background-size":"auto","background-attachment":"scroll","background-type":"","background-media":"","overlay-type":"","overlay-color":"","overlay-opacity":"","overlay-gradient":""},"mobile":{"background-color":"","background-image":"","background-repeat":"repeat","background-position":"center center","background-size":"auto","background-attachment":"scroll","background-type":"","background-media":"","overlay-type":"","overlay-color":"","overlay-opacity":"","overlay-gradient":""}},"ast-content-background-meta":{"desktop":{"background-color":"var(--ast-global-color-5)","background-image":"","background-repeat":"repeat","background-position":"center center","background-size":"auto","background-attachment":"scroll","background-type":"","background-media":"","overlay-type":"","overlay-color":"","overlay-opacity":"","overlay-gradient":""},"tablet":{"background-color":"var(--ast-global-color-5)","background-image":"","background-repeat":"repeat","background-position":"center center","background-size":"auto","background-attachment":"scroll","background-type":"","background-media":"","overlay-type":"","overlay-color":"","overlay-opacity":"","overlay-gradient":""},"mobile":{"background-color":"var(--ast-global-color-5)","background-image":"","background-repeat":"repeat","background-position":"center center","background-size":"auto","background-attachment":"scroll","background-type":"","background-media":"","overlay-type":"","overlay-color":"","overlay-opacity":"","overlay-gradient":""}},"footnotes":""},"class_list":["post-1119","page","type-page","status-publish","hentry"],"yoast_head":"<!-- This site is optimized with the Yoast SEO plugin v27.4 - https:\/\/yoast.com\/product\/yoast-seo-wordpress\/ -->\n<title>Inicio - (re)Ciclarse en la Ciudad - Historias de ciclismo urbano en Mexico<\/title>\n<meta name=\"description\" content=\"Narrativas comunitarias de ciclismo urbano en M\u00e9xico. Geograf\u00edas emergentes de la vida en bicicleta. Historias desde la comunidad.\" \/>\n<meta name=\"robots\" content=\"index, follow, max-snippet:-1, max-image-preview:large, max-video-preview:-1\" \/>\n<link rel=\"canonical\" href=\"https:\/\/reciclarseenlaciudad.com\/en\/\" \/>\n<meta property=\"og:locale\" content=\"en_US\" \/>\n<meta property=\"og:type\" content=\"article\" \/>\n<meta property=\"og:title\" content=\"(re)Ciclarse en la Ciudad\" \/>\n<meta property=\"og:description\" content=\"Narrativas Comunitarias de Ciclismo Urbano en M\u00e9xico\" \/>\n<meta property=\"og:url\" content=\"https:\/\/reciclarseenlaciudad.com\/en\/\" \/>\n<meta property=\"og:site_name\" content=\"(re)Ciclarse en la Ciudad\" \/>\n<meta property=\"article:publisher\" content=\"https:\/\/www.facebook.com\/reciclarseenlaciudad\" \/>\n<meta property=\"article:modified_time\" content=\"2026-03-02T20:07:40+00:00\" \/>\n<meta property=\"og:image\" content=\"https:\/\/reciclarseenlaciudad.com\/wp-content\/uploads\/2021\/03\/IR1-Optimized.jpg\" \/>\n\t<meta property=\"og:image:width\" content=\"1200\" \/>\n\t<meta property=\"og:image:height\" content=\"662\" \/>\n\t<meta property=\"og:image:type\" content=\"image\/jpeg\" \/>\n<meta name=\"twitter:card\" content=\"summary_large_image\" \/>\n<meta name=\"twitter:title\" content=\"(re)Ciclarse en la ciudad\" \/>\n<meta name=\"twitter:description\" content=\"Narrativas comunitarias de ciclismo urbano en M\u00e9xico\" \/>\n<meta name=\"twitter:image\" content=\"https:\/\/reciclarseenlaciudad.com\/wp-content\/uploads\/2021\/03\/IR1-Optimized.jpg\" \/>\n<meta name=\"twitter:site\" content=\"@ReciclarseC\" \/>\n<meta name=\"twitter:label1\" content=\"Est. reading time\" \/>\n\t<meta name=\"twitter:data1\" content=\"4 minutes\" \/>\n<script type=\"application\/ld+json\" class=\"yoast-schema-graph\">{\"@context\":\"https:\\\/\\\/schema.org\",\"@graph\":[{\"@type\":[\"WebPage\",\"AboutPage\"],\"@id\":\"https:\\\/\\\/reciclarseenlaciudad.com\\\/\",\"url\":\"https:\\\/\\\/reciclarseenlaciudad.com\\\/\",\"name\":\"Inicio - (re)Ciclarse en la Ciudad - Historias de ciclismo urbano en Mexico\",\"isPartOf\":{\"@id\":\"https:\\\/\\\/reciclarseenlaciudad.com\\\/#website\"},\"primaryImageOfPage\":{\"@id\":\"https:\\\/\\\/reciclarseenlaciudad.com\\\/#primaryimage\"},\"image\":{\"@id\":\"https:\\\/\\\/reciclarseenlaciudad.com\\\/#primaryimage\"},\"thumbnailUrl\":\"https:\\\/\\\/reciclarseenlaciudad.com\\\/wp-content\\\/uploads\\\/2020\\\/12\\\/IR1-portada-3000x1200-1-scaled.jpg\",\"datePublished\":\"2020-12-24T10:52:08+00:00\",\"dateModified\":\"2026-03-02T20:07:40+00:00\",\"description\":\"Narrativas comunitarias de ciclismo urbano en M\u00e9xico. Geograf\u00edas emergentes de la vida en bicicleta. Historias desde la comunidad.\",\"breadcrumb\":{\"@id\":\"https:\\\/\\\/reciclarseenlaciudad.com\\\/#breadcrumb\"},\"inLanguage\":\"en-CA\",\"potentialAction\":[{\"@type\":\"ReadAction\",\"target\":[\"https:\\\/\\\/reciclarseenlaciudad.com\\\/\"]}]},{\"@type\":\"ImageObject\",\"inLanguage\":\"en-CA\",\"@id\":\"https:\\\/\\\/reciclarseenlaciudad.com\\\/#primaryimage\",\"url\":\"https:\\\/\\\/reciclarseenlaciudad.com\\\/wp-content\\\/uploads\\\/2020\\\/12\\\/IR1-portada-3000x1200-1-scaled.jpg\",\"contentUrl\":\"https:\\\/\\\/reciclarseenlaciudad.com\\\/wp-content\\\/uploads\\\/2020\\\/12\\\/IR1-portada-3000x1200-1-scaled.jpg\"},{\"@type\":\"BreadcrumbList\",\"@id\":\"https:\\\/\\\/reciclarseenlaciudad.com\\\/#breadcrumb\",\"itemListElement\":[{\"@type\":\"ListItem\",\"position\":1,\"name\":\"Home\",\"item\":\"https:\\\/\\\/reciclarseenlaciudad.com\\\/\"},{\"@type\":\"ListItem\",\"position\":2,\"name\":\"Inicio\"}]},{\"@type\":\"WebSite\",\"@id\":\"https:\\\/\\\/reciclarseenlaciudad.com\\\/#website\",\"url\":\"https:\\\/\\\/reciclarseenlaciudad.com\\\/\",\"name\":\"(re)Ciclarse en la Ciudad\",\"description\":\"(re)Ciclarse en la Ciudad\",\"publisher\":{\"@id\":\"https:\\\/\\\/reciclarseenlaciudad.com\\\/#organization\"},\"potentialAction\":[{\"@type\":\"SearchAction\",\"target\":{\"@type\":\"EntryPoint\",\"urlTemplate\":\"https:\\\/\\\/reciclarseenlaciudad.com\\\/?s={search_term_string}\"},\"query-input\":{\"@type\":\"PropertyValueSpecification\",\"valueRequired\":true,\"valueName\":\"search_term_string\"}}],\"inLanguage\":\"en-CA\"},{\"@type\":\"Organization\",\"@id\":\"https:\\\/\\\/reciclarseenlaciudad.com\\\/#organization\",\"name\":\"(re)Ciclarse en la Ciudad\",\"url\":\"https:\\\/\\\/reciclarseenlaciudad.com\\\/\",\"logo\":{\"@type\":\"ImageObject\",\"inLanguage\":\"en-CA\",\"@id\":\"https:\\\/\\\/reciclarseenlaciudad.com\\\/#\\\/schema\\\/logo\\\/image\\\/\",\"url\":\"https:\\\/\\\/reciclarseenlaciudad.com\\\/wp-content\\\/uploads\\\/2021\\\/02\\\/Logo-re-ciclarse-sin-slogan.png\",\"contentUrl\":\"https:\\\/\\\/reciclarseenlaciudad.com\\\/wp-content\\\/uploads\\\/2021\\\/02\\\/Logo-re-ciclarse-sin-slogan.png\",\"width\":1839,\"height\":930,\"caption\":\"(re)Ciclarse en la Ciudad\"},\"image\":{\"@id\":\"https:\\\/\\\/reciclarseenlaciudad.com\\\/#\\\/schema\\\/logo\\\/image\\\/\"},\"sameAs\":[\"https:\\\/\\\/www.facebook.com\\\/reciclarseenlaciudad\",\"https:\\\/\\\/x.com\\\/ReciclarseC\",\"https:\\\/\\\/www.instagram.com\\\/reciclarseenlaciudad\\\/\"]}]}<\/script>\n<!-- \/ Yoast SEO plugin. -->","yoast_head_json":{"title":"Inicio - (re)Ciclarse en la Ciudad - Historias de ciclismo urbano en Mexico","description":"Narrativas comunitarias de ciclismo urbano en M\u00e9xico. Geograf\u00edas emergentes de la vida en bicicleta. Historias desde la comunidad.","robots":{"index":"index","follow":"follow","max-snippet":"max-snippet:-1","max-image-preview":"max-image-preview:large","max-video-preview":"max-video-preview:-1"},"canonical":"https:\/\/reciclarseenlaciudad.com\/en\/","og_locale":"en_US","og_type":"article","og_title":"(re)Ciclarse en la Ciudad","og_description":"Narrativas Comunitarias de Ciclismo Urbano en M\u00e9xico","og_url":"https:\/\/reciclarseenlaciudad.com\/en\/","og_site_name":"(re)Ciclarse en la Ciudad","article_publisher":"https:\/\/www.facebook.com\/reciclarseenlaciudad","article_modified_time":"2026-03-02T20:07:40+00:00","og_image":[{"width":1200,"height":662,"url":"https:\/\/reciclarseenlaciudad.com\/wp-content\/uploads\/2021\/03\/IR1-Optimized.jpg","type":"image\/jpeg"}],"twitter_card":"summary_large_image","twitter_title":"(re)Ciclarse en la ciudad","twitter_description":"Narrativas comunitarias de ciclismo urbano en M\u00e9xico","twitter_image":"https:\/\/reciclarseenlaciudad.com\/wp-content\/uploads\/2021\/03\/IR1-Optimized.jpg","twitter_site":"@ReciclarseC","twitter_misc":{"Est. reading time":"4 minutes"},"schema":{"@context":"https:\/\/schema.org","@graph":[{"@type":["WebPage","AboutPage"],"@id":"https:\/\/reciclarseenlaciudad.com\/","url":"https:\/\/reciclarseenlaciudad.com\/","name":"Inicio - (re)Ciclarse en la Ciudad - Historias de ciclismo urbano en Mexico","isPartOf":{"@id":"https:\/\/reciclarseenlaciudad.com\/#website"},"primaryImageOfPage":{"@id":"https:\/\/reciclarseenlaciudad.com\/#primaryimage"},"image":{"@id":"https:\/\/reciclarseenlaciudad.com\/#primaryimage"},"thumbnailUrl":"https:\/\/reciclarseenlaciudad.com\/wp-content\/uploads\/2020\/12\/IR1-portada-3000x1200-1-scaled.jpg","datePublished":"2020-12-24T10:52:08+00:00","dateModified":"2026-03-02T20:07:40+00:00","description":"Narrativas comunitarias de ciclismo urbano en M\u00e9xico. Geograf\u00edas emergentes de la vida en bicicleta. Historias desde la comunidad.","breadcrumb":{"@id":"https:\/\/reciclarseenlaciudad.com\/#breadcrumb"},"inLanguage":"en-CA","potentialAction":[{"@type":"ReadAction","target":["https:\/\/reciclarseenlaciudad.com\/"]}]},{"@type":"ImageObject","inLanguage":"en-CA","@id":"https:\/\/reciclarseenlaciudad.com\/#primaryimage","url":"https:\/\/reciclarseenlaciudad.com\/wp-content\/uploads\/2020\/12\/IR1-portada-3000x1200-1-scaled.jpg","contentUrl":"https:\/\/reciclarseenlaciudad.com\/wp-content\/uploads\/2020\/12\/IR1-portada-3000x1200-1-scaled.jpg"},{"@type":"BreadcrumbList","@id":"https:\/\/reciclarseenlaciudad.com\/#breadcrumb","itemListElement":[{"@type":"ListItem","position":1,"name":"Home","item":"https:\/\/reciclarseenlaciudad.com\/"},{"@type":"ListItem","position":2,"name":"Inicio"}]},{"@type":"WebSite","@id":"https:\/\/reciclarseenlaciudad.com\/#website","url":"https:\/\/reciclarseenlaciudad.com\/","name":"(re)Ciclarse en la Ciudad","description":"(re)Ciclarse en la Ciudad","publisher":{"@id":"https:\/\/reciclarseenlaciudad.com\/#organization"},"potentialAction":[{"@type":"SearchAction","target":{"@type":"EntryPoint","urlTemplate":"https:\/\/reciclarseenlaciudad.com\/?s={search_term_string}"},"query-input":{"@type":"PropertyValueSpecification","valueRequired":true,"valueName":"search_term_string"}}],"inLanguage":"en-CA"},{"@type":"Organization","@id":"https:\/\/reciclarseenlaciudad.com\/#organization","name":"(re)Ciclarse en la Ciudad","url":"https:\/\/reciclarseenlaciudad.com\/","logo":{"@type":"ImageObject","inLanguage":"en-CA","@id":"https:\/\/reciclarseenlaciudad.com\/#\/schema\/logo\/image\/","url":"https:\/\/reciclarseenlaciudad.com\/wp-content\/uploads\/2021\/02\/Logo-re-ciclarse-sin-slogan.png","contentUrl":"https:\/\/reciclarseenlaciudad.com\/wp-content\/uploads\/2021\/02\/Logo-re-ciclarse-sin-slogan.png","width":1839,"height":930,"caption":"(re)Ciclarse en la Ciudad"},"image":{"@id":"https:\/\/reciclarseenlaciudad.com\/#\/schema\/logo\/image\/"},"sameAs":["https:\/\/www.facebook.com\/reciclarseenlaciudad","https:\/\/x.com\/ReciclarseC","https:\/\/www.instagram.com\/reciclarseenlaciudad\/"]}]}},"_links":{"self":[{"href":"https:\/\/reciclarseenlaciudad.com\/en\/wp-json\/wp\/v2\/pages\/1119","targetHints":{"allow":["GET"]}}],"collection":[{"href":"https:\/\/reciclarseenlaciudad.com\/en\/wp-json\/wp\/v2\/pages"}],"about":[{"href":"https:\/\/reciclarseenlaciudad.com\/en\/wp-json\/wp\/v2\/types\/page"}],"author":[{"embeddable":true,"href":"https:\/\/reciclarseenlaciudad.com\/en\/wp-json\/wp\/v2\/users\/1"}],"replies":[{"embeddable":true,"href":"https:\/\/reciclarseenlaciudad.com\/en\/wp-json\/wp\/v2\/comments?post=1119"}],"version-history":[{"count":5,"href":"https:\/\/reciclarseenlaciudad.com\/en\/wp-json\/wp\/v2\/pages\/1119\/revisions"}],"predecessor-version":[{"id":6880,"href":"https:\/\/reciclarseenlaciudad.com\/en\/wp-json\/wp\/v2\/pages\/1119\/revisions\/6880"}],"wp:attachment":[{"href":"https:\/\/reciclarseenlaciudad.com\/en\/wp-json\/wp\/v2\/media?parent=1119"}],"curies":[{"name":"wp","href":"https:\/\/api.w.org\/{rel}","templated":true}]}}