{"id":6606,"date":"2024-07-17T04:56:48","date_gmt":"2024-07-17T04:56:48","guid":{"rendered":"https:\/\/reciclarseenlaciudad.com\/?post_type=crnica&#038;p=6606"},"modified":"2026-02-28T04:09:15","modified_gmt":"2026-02-28T04:09:15","slug":"gabi-soto","status":"publish","type":"crnica","link":"https:\/\/reciclarseenlaciudad.com\/en\/cronicas\/gabi-soto\/","title":{"rendered":"Yo no quer\u00eda ser activista, pero me mataron a mi hermana"},"content":{"rendered":"<div data-elementor-type=\"wp-post\" data-elementor-id=\"6606\" class=\"elementor elementor-6606\" data-elementor-post-type=\"crnica\">\n\t\t\t\t\t\t<section class=\"elementor-section elementor-top-section elementor-element elementor-element-8cb9001 elementor-section-stretched elementor-section-boxed elementor-section-height-default elementor-section-height-default\" data-id=\"8cb9001\" data-element_type=\"section\" data-e-type=\"section\" data-settings=\"{&quot;stretch_section&quot;:&quot;section-stretched&quot;}\">\n\t\t\t\t\t\t<div class=\"elementor-container elementor-column-gap-default\">\n\t\t\t\t\t<div class=\"elementor-column elementor-col-100 elementor-top-column elementor-element elementor-element-b3ad695\" data-id=\"b3ad695\" data-element_type=\"column\" data-e-type=\"column\">\n\t\t\t<div class=\"elementor-widget-wrap elementor-element-populated\">\n\t\t\t\t\t\t<div class=\"elementor-element elementor-element-aa6847f elementor-widget elementor-widget-image\" data-id=\"aa6847f\" data-element_type=\"widget\" data-e-type=\"widget\" data-widget_type=\"image.default\">\n\t\t\t\t<div class=\"elementor-widget-container\">\n\t\t\t\t\t\t\t\t\t\t\t\t<figure class=\"wp-caption\">\n\t\t\t\t\t\t\t\t\t\t<img fetchpriority=\"high\" decoding=\"async\" width=\"1024\" height=\"548\" src=\"https:\/\/reciclarseenlaciudad.com\/wp-content\/uploads\/2023\/03\/8MOaxd_-10-1024x548.jpeg\" class=\"attachment-large size-large wp-image-6508\" alt=\"\" srcset=\"https:\/\/reciclarseenlaciudad.com\/wp-content\/uploads\/2023\/03\/8MOaxd_-10-1024x548.jpeg 1024w, https:\/\/reciclarseenlaciudad.com\/wp-content\/uploads\/2023\/03\/8MOaxd_-10-300x161.jpeg 300w, https:\/\/reciclarseenlaciudad.com\/wp-content\/uploads\/2023\/03\/8MOaxd_-10-768x411.jpeg 768w, https:\/\/reciclarseenlaciudad.com\/wp-content\/uploads\/2023\/03\/8MOaxd_-10-1536x823.jpeg 1536w, https:\/\/reciclarseenlaciudad.com\/wp-content\/uploads\/2023\/03\/8MOaxd_-10-18x10.jpeg 18w, https:\/\/reciclarseenlaciudad.com\/wp-content\/uploads\/2023\/03\/8MOaxd_-10.jpeg 1600w\" sizes=\"(max-width: 1024px) 100vw, 1024px\" \/>\t\t\t\t\t\t\t\t\t\t\t<figcaption class=\"widget-image-caption wp-caption-text\">Foto: Vanesa Ortiz (2021)<\/figcaption>\n\t\t\t\t\t\t\t\t\t\t<\/figure>\n\t\t\t\t\t\t\t\t\t<\/div>\n\t\t\t\t<\/div>\n\t\t\t\t<div class=\"elementor-element elementor-element-605708c elementor-widget elementor-widget-text-editor\" data-id=\"605708c\" data-element_type=\"widget\" data-e-type=\"widget\" data-widget_type=\"text-editor.default\">\n\t\t\t\t<div class=\"elementor-widget-container\">\n\t\t\t\t\t\t\t\t\t<p>Yo no quer\u00eda ser activista, pero me mataron a mi hermana<\/p><div style=\"box-sizing: border-box; --flex-direction: initial; --flex-wrap: initial; --justify-content: initial; --align-items: initial; --align-content: initial; --gap: initial; --flex-basis: initial; --flex-grow: initial; --flex-shrink: initial; --order: initial; --align-self: initial; flex-basis: var(--flex-basis); flex-grow: var(--flex-grow); flex-shrink: var(--flex-shrink); order: var(--order); align-self: var(--align-self); flex-direction: var(--flex-direction); flex-wrap: var(--flex-wrap); justify-content: var(--justify-content); align-items: var(--align-items); align-content: var(--align-content); gap: var(--gap); position: relative; --swiper-theme-color: #000; --swiper-navigation-size: 44px; --swiper-pagination-bullet-size: 6px; --swiper-pagination-bullet-horizontal-gap: 6px; width: 980px; color: #333333; font-family: Domine, sans-serif; font-size: 16px; font-style: normal; font-variant-ligatures: normal; font-variant-caps: normal; font-weight: 400; letter-spacing: 0.3px; orphans: 2; text-align: start; text-indent: 0px; text-transform: none; widows: 2; word-spacing: 0px; -webkit-text-stroke-width: 0px; white-space: normal; background-color: #ffffff; text-decoration-thickness: initial; text-decoration-style: initial; text-decoration-color: initial;\" data-id=\"5d23c46\" data-element_type=\"widget\" data-widget_type=\"text-editor.default\"><div style=\"box-sizing: border-box; transition: background .3s,border .3s,border-radius .3s,box-shadow .3s,transform var(--e-transform-transition-duration,.4s);\">\u00a0<\/div><\/div><div style=\"box-sizing: border-box; --flex-direction: initial; --flex-wrap: initial; --justify-content: initial; --align-items: initial; --align-content: initial; --gap: initial; --flex-basis: initial; --flex-grow: initial; --flex-shrink: initial; --order: initial; --align-self: initial; flex-basis: var(--flex-basis); flex-grow: var(--flex-grow); flex-shrink: var(--flex-shrink); order: var(--order); align-self: var(--align-self); flex-direction: var(--flex-direction); flex-wrap: var(--flex-wrap); justify-content: var(--justify-content); align-items: var(--align-items); align-content: var(--align-content); gap: var(--gap); position: relative; --swiper-theme-color: #000; --swiper-navigation-size: 44px; --swiper-pagination-bullet-size: 6px; --swiper-pagination-bullet-horizontal-gap: 6px; width: 980px; margin-bottom: 20px; color: var( --e-global-color-secondary ); font-size: 26px; font-family: Domine, sans-serif; font-style: normal; font-variant-ligatures: normal; font-variant-caps: normal; font-weight: 400; letter-spacing: 0.3px; orphans: 2; text-align: start; text-indent: 0px; text-transform: none; widows: 2; word-spacing: 0px; -webkit-text-stroke-width: 0px; white-space: normal; background-color: #ffffff; text-decoration-thickness: initial; text-decoration-style: initial; text-decoration-color: initial;\" data-id=\"20a4125\" data-element_type=\"widget\" data-widget_type=\"text-editor.default\"><div style=\"box-sizing: border-box; transition: background .3s,border .3s,border-radius .3s,box-shadow .3s,transform var(--e-transform-transition-duration,.4s);\"><p style=\"box-sizing: border-box; margin: 0px 0px 1px; padding: 0px;\">Esther Soto<\/p><\/div><\/div>\t\t\t\t\t\t\t\t<\/div>\n\t\t\t\t<\/div>\n\t\t\t\t<div class=\"elementor-element elementor-element-5d23c46 elementor-widget__width-initial elementor-widget elementor-widget-text-editor\" data-id=\"5d23c46\" data-element_type=\"widget\" data-e-type=\"widget\" data-widget_type=\"text-editor.default\">\n\t\t\t\t<div class=\"elementor-widget-container\">\n\t\t\t\t\t\t\t\t\t<div style=\"flex-basis: var(--flex-basis); flex-grow: var(--flex-grow); flex-shrink: var(--flex-shrink); order: var(--order); align-self: var(--align-self); flex-direction: var(--flex-direction); flex-wrap: var(--flex-wrap); justify-content: var(--justify-content); align-items: var(--align-items); align-content: var(--align-content); gap: var(--gap); --swiper-theme-color: #000; --swiper-navigation-size: 44px; --swiper-pagination-bullet-size: 6px; --swiper-pagination-bullet-horizontal-gap: 6px; width: 980px; color: var( --e-global-color-secondary ); font-size: 26px; letter-spacing: 0.3px;\" data-id=\"20a4125\" data-element_type=\"widget\" data-widget_type=\"text-editor.default\"><div style=\"transition: background .3s,border .3s,border-radius .3s,box-shadow .3s,transform var(--e-transform-transition-duration,.4s);\"><p><b style=\"color: #333333; font-size: 16px; letter-spacing: 0.3px;\">Oaxaca de Ju\u00e1rez, Marzo de 2023.<\/b><span style=\"color: #333333; font-size: 16px; letter-spacing: 0.3px;\">\u00a0<\/span><\/p><\/div><\/div>\t\t\t\t\t\t\t\t<\/div>\n\t\t\t\t<\/div>\n\t\t\t\t\t<\/div>\n\t\t<\/div>\n\t\t\t\t\t<\/div>\n\t\t<\/section>\n\t\t\t\t<section class=\"elementor-section elementor-top-section elementor-element elementor-element-7378c75 elementor-section-boxed elementor-section-height-default elementor-section-height-default\" data-id=\"7378c75\" data-element_type=\"section\" data-e-type=\"section\">\n\t\t\t\t\t\t<div class=\"elementor-container elementor-column-gap-default\">\n\t\t\t\t\t<div class=\"elementor-column elementor-col-100 elementor-top-column elementor-element elementor-element-72ff424\" data-id=\"72ff424\" data-element_type=\"column\" data-e-type=\"column\">\n\t\t\t<div class=\"elementor-widget-wrap elementor-element-populated\">\n\t\t\t\t\t\t<div class=\"elementor-element elementor-element-df40224 elementor-widget-divider--view-line elementor-widget elementor-widget-divider\" data-id=\"df40224\" data-element_type=\"widget\" data-e-type=\"widget\" data-widget_type=\"divider.default\">\n\t\t\t\t<div class=\"elementor-widget-container\">\n\t\t\t\t\t\t\t<div class=\"elementor-divider\">\n\t\t\t<span class=\"elementor-divider-separator\">\n\t\t\t\t\t\t<\/span>\n\t\t<\/div>\n\t\t\t\t\t\t<\/div>\n\t\t\t\t<\/div>\n\t\t\t\t\t<\/div>\n\t\t<\/div>\n\t\t\t\t\t<\/div>\n\t\t<\/section>\n\t\t\t\t<section class=\"elementor-section elementor-top-section elementor-element elementor-element-dd0cb20 elementor-section-stretched elementor-section-boxed elementor-section-height-default elementor-section-height-default\" data-id=\"dd0cb20\" data-element_type=\"section\" data-e-type=\"section\" data-settings=\"{&quot;stretch_section&quot;:&quot;section-stretched&quot;}\">\n\t\t\t\t\t\t<div class=\"elementor-container elementor-column-gap-default\">\n\t\t\t\t\t<div class=\"elementor-column elementor-col-100 elementor-top-column elementor-element elementor-element-3881829\" data-id=\"3881829\" data-element_type=\"column\" data-e-type=\"column\">\n\t\t\t<div class=\"elementor-widget-wrap elementor-element-populated\">\n\t\t\t\t\t\t<div class=\"elementor-element elementor-element-418ace7 elementor-widget elementor-widget-text-editor\" data-id=\"418ace7\" data-element_type=\"widget\" data-e-type=\"widget\" data-widget_type=\"text-editor.default\">\n\t\t\t\t<div class=\"elementor-widget-container\">\n\t\t\t\t\t\t\t\t\t<p>Yo no quer\u00eda ser activista, pero me tuve que armar de valor y denunciar su homicidio ese viernes 18 de diciembre de 2020. Yo no sab\u00eda c\u00f3mo, pero sab\u00eda que deb\u00eda pedir justicia por la muerte de mi hermana Gabriela Soto Garc\u00eda.<\/p>\t\t\t\t\t\t\t\t<\/div>\n\t\t\t\t<\/div>\n\t\t\t\t\t<\/div>\n\t\t<\/div>\n\t\t\t\t\t<\/div>\n\t\t<\/section>\n\t\t\t\t<section class=\"elementor-section elementor-top-section elementor-element elementor-element-2631abf elementor-section-boxed elementor-section-height-default elementor-section-height-default\" data-id=\"2631abf\" data-element_type=\"section\" data-e-type=\"section\">\n\t\t\t\t\t\t<div class=\"elementor-container elementor-column-gap-default\">\n\t\t\t\t\t<div class=\"elementor-column elementor-col-100 elementor-top-column elementor-element elementor-element-db74547\" data-id=\"db74547\" data-element_type=\"column\" data-e-type=\"column\">\n\t\t\t<div class=\"elementor-widget-wrap elementor-element-populated\">\n\t\t\t\t\t\t<div class=\"elementor-element elementor-element-0a293aa elementor-widget elementor-widget-image\" data-id=\"0a293aa\" data-element_type=\"widget\" data-e-type=\"widget\" data-widget_type=\"image.default\">\n\t\t\t\t<div class=\"elementor-widget-container\">\n\t\t\t\t\t\t\t\t\t\t\t\t\t\t\t<img decoding=\"async\" width=\"1024\" height=\"1020\" src=\"https:\/\/reciclarseenlaciudad.com\/wp-content\/uploads\/2023\/03\/EstherSoto_1-1024x1020.jpeg\" class=\"attachment-large size-large wp-image-6613\" alt=\"\" srcset=\"https:\/\/reciclarseenlaciudad.com\/wp-content\/uploads\/2023\/03\/EstherSoto_1-1024x1020.jpeg 1024w, https:\/\/reciclarseenlaciudad.com\/wp-content\/uploads\/2023\/03\/EstherSoto_1-300x300.jpeg 300w, https:\/\/reciclarseenlaciudad.com\/wp-content\/uploads\/2023\/03\/EstherSoto_1-150x150.jpeg 150w, https:\/\/reciclarseenlaciudad.com\/wp-content\/uploads\/2023\/03\/EstherSoto_1-768x765.jpeg 768w, https:\/\/reciclarseenlaciudad.com\/wp-content\/uploads\/2023\/03\/EstherSoto_1-12x12.jpeg 12w, https:\/\/reciclarseenlaciudad.com\/wp-content\/uploads\/2023\/03\/EstherSoto_1-100x100.jpeg 100w, https:\/\/reciclarseenlaciudad.com\/wp-content\/uploads\/2023\/03\/EstherSoto_1-50x50.jpeg 50w, https:\/\/reciclarseenlaciudad.com\/wp-content\/uploads\/2023\/03\/EstherSoto_1.jpeg 1080w\" sizes=\"(max-width: 1024px) 100vw, 1024px\" \/>\t\t\t\t\t\t\t\t\t\t\t\t\t\t\t<\/div>\n\t\t\t\t<\/div>\n\t\t\t\t\t<\/div>\n\t\t<\/div>\n\t\t\t\t\t<\/div>\n\t\t<\/section>\n\t\t\t\t<section class=\"elementor-section elementor-top-section elementor-element elementor-element-5af30db elementor-section-stretched elementor-section-boxed elementor-section-height-default elementor-section-height-default\" data-id=\"5af30db\" data-element_type=\"section\" data-e-type=\"section\" data-settings=\"{&quot;stretch_section&quot;:&quot;section-stretched&quot;}\">\n\t\t\t\t\t\t<div class=\"elementor-container elementor-column-gap-default\">\n\t\t\t\t\t<div class=\"elementor-column elementor-col-100 elementor-top-column elementor-element elementor-element-7492271\" data-id=\"7492271\" data-element_type=\"column\" data-e-type=\"column\">\n\t\t\t<div class=\"elementor-widget-wrap elementor-element-populated\">\n\t\t\t\t\t\t<div class=\"elementor-element elementor-element-3ea2c3a elementor-widget elementor-widget-text-editor\" data-id=\"3ea2c3a\" data-element_type=\"widget\" data-e-type=\"widget\" data-widget_type=\"text-editor.default\">\n\t\t\t\t<div class=\"elementor-widget-container\">\n\t\t\t\t\t\t\t\t\t<p><span style=\"font-weight: 400;\">Ser ciclista en Oaxaca, un lugar mundialmente conocido por ser tur\u00edstico y a la vez empobrecido, supone pensarse como personas ex\u00f3ticas para esa \u00e9lite que nos ve como los pobres que no tenemos un carro para movernos, los raros que nos trasladamos en bici en una tierra que ha sido casi conquistada por el veh\u00edculo de motor, y como sujetos sometibles y f\u00e1ciles de intimidar para quienes se beneficiaron de esa herencia cultural que ve como rico y empoderado a aquel que tiene para pagar un veh\u00edculo de motor.<\/span><\/p>\t\t\t\t\t\t\t\t<\/div>\n\t\t\t\t<\/div>\n\t\t\t\t\t<\/div>\n\t\t<\/div>\n\t\t\t\t\t<\/div>\n\t\t<\/section>\n\t\t\t\t<section class=\"elementor-section elementor-top-section elementor-element elementor-element-719df3a elementor-section-stretched elementor-section-boxed elementor-section-height-default elementor-section-height-default\" data-id=\"719df3a\" data-element_type=\"section\" data-e-type=\"section\" data-settings=\"{&quot;stretch_section&quot;:&quot;section-stretched&quot;}\">\n\t\t\t\t\t\t<div class=\"elementor-container elementor-column-gap-default\">\n\t\t\t\t\t<div class=\"elementor-column elementor-col-66 elementor-top-column elementor-element elementor-element-354170a\" data-id=\"354170a\" data-element_type=\"column\" data-e-type=\"column\">\n\t\t\t<div class=\"elementor-widget-wrap elementor-element-populated\">\n\t\t\t\t\t\t<div class=\"elementor-element elementor-element-9eee98c elementor-widget elementor-widget-text-editor\" data-id=\"9eee98c\" data-element_type=\"widget\" data-e-type=\"widget\" data-widget_type=\"text-editor.default\">\n\t\t\t\t<div class=\"elementor-widget-container\">\n\t\t\t\t\t\t\t\t\t<p><span style=\"font-weight: 400;\">Yo no quer\u00eda ser activista, pero a mi hermana la atropellaron mortalmente la ma\u00f1ana del viernes 18 de diciembre de 2020, mientras regresaba de abrir su empresa. Gabriela se mov\u00eda en bicicleta, porque es m\u00e1s r\u00e1pido, porque es m\u00e1s c\u00f3modo, porque en un a\u00f1o muy dif\u00edcil de pandemia fue y sigue siendo un medio de transporte que previene posibles contagios. Gabi se mov\u00eda en su bicicleta porque era ciclista y lo disfrutaba: amaba rodar.<\/span><\/p><p><span style=\"font-weight: 400;\">Mi hermana no muri\u00f3 al instante, ella luch\u00f3 por su vida tendida en el asfalto casi 20 minutos; ella, la que fue param\u00e9dico de la Cruz Roja Mexicana, no tuvo atenci\u00f3n de emergencia, porque el chofer de ese autob\u00fas que la mat\u00f3 baj\u00f3 a verla, y vi\u00e9ndola viva se dio a la fuga con ayuda del otro chofer con el que ven\u00eda echando carreritas; y quienes la vieron pensaron que solo la hab\u00edan tirado, que estaba dramatizando su ca\u00edda y que ella se levantar\u00eda; pero esa pedagoga de 38 a\u00f1os, que tuvo a su cargo una escuela preescolar y primaria por m\u00e1s de 10 a\u00f1os, no se levant\u00f3. Pidi\u00f3 ayuda, y alert\u00f3 que caer\u00eda en un coma si no recib\u00eda atenci\u00f3n m\u00e9dica de urgencia.<\/span><\/p>\t\t\t\t\t\t\t\t<\/div>\n\t\t\t\t<\/div>\n\t\t\t\t\t<\/div>\n\t\t<\/div>\n\t\t\t\t<div class=\"elementor-column elementor-col-33 elementor-top-column elementor-element elementor-element-f4f7045\" data-id=\"f4f7045\" data-element_type=\"column\" data-e-type=\"column\">\n\t\t\t<div class=\"elementor-widget-wrap elementor-element-populated\">\n\t\t\t\t\t\t<div class=\"elementor-element elementor-element-cb055eb elementor-widget elementor-widget-image\" data-id=\"cb055eb\" data-element_type=\"widget\" data-e-type=\"widget\" data-widget_type=\"image.default\">\n\t\t\t\t<div class=\"elementor-widget-container\">\n\t\t\t\t\t\t\t\t\t\t\t\t<figure class=\"wp-caption\">\n\t\t\t\t\t\t\t\t\t\t<img decoding=\"async\" width=\"768\" height=\"1024\" src=\"https:\/\/reciclarseenlaciudad.com\/wp-content\/uploads\/2023\/03\/EstherSoto_3-768x1024.jpeg\" class=\"attachment-large size-large wp-image-6611\" alt=\"\" srcset=\"https:\/\/reciclarseenlaciudad.com\/wp-content\/uploads\/2023\/03\/EstherSoto_3-768x1024.jpeg 768w, https:\/\/reciclarseenlaciudad.com\/wp-content\/uploads\/2023\/03\/EstherSoto_3-225x300.jpeg 225w, https:\/\/reciclarseenlaciudad.com\/wp-content\/uploads\/2023\/03\/EstherSoto_3-1152x1536.jpeg 1152w, https:\/\/reciclarseenlaciudad.com\/wp-content\/uploads\/2023\/03\/EstherSoto_3-9x12.jpeg 9w, https:\/\/reciclarseenlaciudad.com\/wp-content\/uploads\/2023\/03\/EstherSoto_3.jpeg 1200w\" sizes=\"(max-width: 768px) 100vw, 768px\" \/>\t\t\t\t\t\t\t\t\t\t\t<figcaption class=\"widget-image-caption wp-caption-text\"><\/figcaption>\n\t\t\t\t\t\t\t\t\t\t<\/figure>\n\t\t\t\t\t\t\t\t\t<\/div>\n\t\t\t\t<\/div>\n\t\t\t\t\t<\/div>\n\t\t<\/div>\n\t\t\t\t\t<\/div>\n\t\t<\/section>\n\t\t\t\t<section class=\"elementor-section elementor-top-section elementor-element elementor-element-6a47e02 elementor-section-stretched elementor-section-boxed elementor-section-height-default elementor-section-height-default\" data-id=\"6a47e02\" data-element_type=\"section\" data-e-type=\"section\" data-settings=\"{&quot;stretch_section&quot;:&quot;section-stretched&quot;}\">\n\t\t\t\t\t\t<div class=\"elementor-container elementor-column-gap-default\">\n\t\t\t\t\t<div class=\"elementor-column elementor-col-100 elementor-top-column elementor-element elementor-element-340afc8\" data-id=\"340afc8\" data-element_type=\"column\" data-e-type=\"column\">\n\t\t\t<div class=\"elementor-widget-wrap elementor-element-populated\">\n\t\t\t\t\t\t<div class=\"elementor-element elementor-element-3d2ac61 elementor-widget elementor-widget-text-editor\" data-id=\"3d2ac61\" data-element_type=\"widget\" data-e-type=\"widget\" data-widget_type=\"text-editor.default\">\n\t\t\t\t<div class=\"elementor-widget-container\">\n\t\t\t\t\t\t\t\t\t<p><span style=\"font-weight: 400;\">Yo no quer\u00eda ser activista, pero vi el dolor en los ojos de mi madre, vi el desconcierto en las manos de mis padrinos que intentaban ayudarnos a agilizar la entrega del cuerpo de mi mejor amiga, de mi hermana mayor; yo no quer\u00eda ser activista, pero vi la solidaridad de sus amigos, la uni\u00f3n de los ciclistas que comenzaban a pedir justicia por una muerte que se pudo prevenir. Yo no quer\u00eda ser activista, pero con 29 a\u00f1os vi posarse sobre m\u00ed la mirada fr\u00eda, cruel, intimidante y amenazadora de una servidora p\u00fablica que representaba a la Fiscal\u00eda General del Estado de Oaxaca, que se crey\u00f3 con legitimidad para decirme que hechos como el que le ocurrieron a mi hermana, ocurren todos los d\u00edas, que nunca iba a encontrar a su homicida, y que mejor ser\u00eda que viviera mi duelo pues pocas veces casos as\u00ed ven lo que nosotros llamamos justicia. Yo no quer\u00eda ser activista, pero la imposici\u00f3n de un modelo de justicia basado en normalizar los siniestros viales me dio asco y m\u00e1s hambre de hacer las cosas bien, de no callarme y gritarle al mundo que a mi hermana un chofer de la l\u00ednea Zaachila Yoo la mat\u00f3 al invadir su espacio, que la vio y no le import\u00f3 su vida tanto como ganarle a su compa\u00f1ero, ese con el que iba echando carreritas, y el mismo que lo ayud\u00f3 a darse a la fuga.<\/span><\/p>\t\t\t\t\t\t\t\t<\/div>\n\t\t\t\t<\/div>\n\t\t\t\t\t<\/div>\n\t\t<\/div>\n\t\t\t\t\t<\/div>\n\t\t<\/section>\n\t\t\t\t<section class=\"elementor-section elementor-top-section elementor-element elementor-element-5f862d5 elementor-section-stretched elementor-section-boxed elementor-section-height-default elementor-section-height-default\" data-id=\"5f862d5\" data-element_type=\"section\" data-e-type=\"section\" data-settings=\"{&quot;stretch_section&quot;:&quot;section-stretched&quot;}\">\n\t\t\t\t\t\t<div class=\"elementor-container elementor-column-gap-default\">\n\t\t\t\t\t<div class=\"elementor-column elementor-col-100 elementor-top-column elementor-element elementor-element-c9212e2\" data-id=\"c9212e2\" data-element_type=\"column\" data-e-type=\"column\">\n\t\t\t<div class=\"elementor-widget-wrap elementor-element-populated\">\n\t\t\t\t\t\t<div class=\"elementor-element elementor-element-d18871d elementor-widget elementor-widget-text-editor\" data-id=\"d18871d\" data-element_type=\"widget\" data-e-type=\"widget\" data-widget_type=\"text-editor.default\">\n\t\t\t\t<div class=\"elementor-widget-container\">\n\t\t\t\t\t\t\t\t\t<p>Yo no quer\u00eda ser activista pero tuve que esperar a declarar ante la fiscal\u00eda qu\u00e9 estaba haciendo cuando me enter\u00e9 de la muerte de mi hermana para, por fin, poder entrar a reconocerla; no quer\u00eda ser activista pero me negu\u00e9 a que un trabajador en la SEMEFO le tomara una foto para as\u00ed yo poder reconocerla; no quise hacer activismo pero nada de lo ocurrido ese viernes me pareci\u00f3 aceptable, justo o siquiera emp\u00e1tico.<\/p>\t\t\t\t\t\t\t\t<\/div>\n\t\t\t\t<\/div>\n\t\t\t\t\t<\/div>\n\t\t<\/div>\n\t\t\t\t\t<\/div>\n\t\t<\/section>\n\t\t\t\t<section class=\"elementor-section elementor-top-section elementor-element elementor-element-9ad1037 elementor-section-stretched elementor-section-boxed elementor-section-height-default elementor-section-height-default\" data-id=\"9ad1037\" data-element_type=\"section\" data-e-type=\"section\" data-settings=\"{&quot;stretch_section&quot;:&quot;section-stretched&quot;}\">\n\t\t\t\t\t\t<div class=\"elementor-container elementor-column-gap-default\">\n\t\t\t\t\t<div class=\"elementor-column elementor-col-33 elementor-top-column elementor-element elementor-element-d6849d3\" data-id=\"d6849d3\" data-element_type=\"column\" data-e-type=\"column\">\n\t\t\t<div class=\"elementor-widget-wrap elementor-element-populated\">\n\t\t\t\t\t\t<div class=\"elementor-element elementor-element-0f28cc0 elementor-widget elementor-widget-image\" data-id=\"0f28cc0\" data-element_type=\"widget\" data-e-type=\"widget\" data-widget_type=\"image.default\">\n\t\t\t\t<div class=\"elementor-widget-container\">\n\t\t\t\t\t\t\t\t\t\t\t\t\t\t\t<img loading=\"lazy\" decoding=\"async\" width=\"768\" height=\"1024\" src=\"https:\/\/reciclarseenlaciudad.com\/wp-content\/uploads\/2023\/03\/EstherSoto_5-768x1024.jpeg\" class=\"attachment-large size-large wp-image-6612\" alt=\"\" srcset=\"https:\/\/reciclarseenlaciudad.com\/wp-content\/uploads\/2023\/03\/EstherSoto_5-768x1024.jpeg 768w, https:\/\/reciclarseenlaciudad.com\/wp-content\/uploads\/2023\/03\/EstherSoto_5-225x300.jpeg 225w, https:\/\/reciclarseenlaciudad.com\/wp-content\/uploads\/2023\/03\/EstherSoto_5-1152x1536.jpeg 1152w, https:\/\/reciclarseenlaciudad.com\/wp-content\/uploads\/2023\/03\/EstherSoto_5-9x12.jpeg 9w, https:\/\/reciclarseenlaciudad.com\/wp-content\/uploads\/2023\/03\/EstherSoto_5.jpeg 1200w\" sizes=\"(max-width: 768px) 100vw, 768px\" \/>\t\t\t\t\t\t\t\t\t\t\t\t\t\t\t<\/div>\n\t\t\t\t<\/div>\n\t\t\t\t\t<\/div>\n\t\t<\/div>\n\t\t\t\t<div class=\"elementor-column elementor-col-66 elementor-top-column elementor-element elementor-element-5499da7\" data-id=\"5499da7\" data-element_type=\"column\" data-e-type=\"column\">\n\t\t\t<div class=\"elementor-widget-wrap elementor-element-populated\">\n\t\t\t\t\t\t<div class=\"elementor-element elementor-element-b9da3cf elementor-widget elementor-widget-text-editor\" data-id=\"b9da3cf\" data-element_type=\"widget\" data-e-type=\"widget\" data-widget_type=\"text-editor.default\">\n\t\t\t\t<div class=\"elementor-widget-container\">\n\t\t\t\t\t\t\t\t\t<p>Yo no quer\u00eda ser activista, lo juro. Y a veces sigo sin querer. Yo solo quer\u00eda vivir feliz \u2014y, por tanto, estar con mi hermana\u2014 y bailar tranquilas. Bailar y vivir sin poner otras bicicletas blancas, sin tener que ver otros ciclistas muertos y otras v\u00edctimas indirectas. Yo no quer\u00eda ser activista, pero tuve que hacerlo porque quer\u00eda \u2014y quiero\u2014 vivir, bailar y rodar desde la seguridad vial, quiero poder salir de mi casa sin pensar en si regresar\u00e9, quiero que nadie m\u00e1s viva ese momento en el que tocan a tu puerta y te dicen que la persona que m\u00e1s amas, muri\u00f3 atropellada.<\/p><p>\u00a0<\/p><p><span style=\"letter-spacing: 0.3px;\">No quer\u00edamos ser activistas, ni yo ni ninguna de las dem\u00e1s familias que todos los d\u00edas salimos a pedir no m\u00e1s muertes viales, ni queremos que se nos romantice como v\u00edctimas que luchan desde el dolor y la ausencia. Ahora, tras haber escrito esto, pienso en las vidas que hemos perdido en las calles y carreteras de nuestro pa\u00eds, en los y las activistas que sin haber perdido se mueven contra corriente para que nadie m\u00e1s viva este dolor, gracias a esos activistas de verdad \u2014ya no a las activistas en pleno aprendizaje como yo, que seguramente no merezca esta etiqueta\u2014 por poner el cuerpo, coraz\u00f3n y alma para construir una realidad mejor.<\/span><\/p>\t\t\t\t\t\t\t\t<\/div>\n\t\t\t\t<\/div>\n\t\t\t\t\t<\/div>\n\t\t<\/div>\n\t\t\t\t\t<\/div>\n\t\t<\/section>\n\t\t\t\t<section class=\"elementor-section elementor-top-section elementor-element elementor-element-dbfe72d elementor-section-stretched elementor-section-boxed elementor-section-height-default elementor-section-height-default\" data-id=\"dbfe72d\" data-element_type=\"section\" data-e-type=\"section\" data-settings=\"{&quot;stretch_section&quot;:&quot;section-stretched&quot;}\">\n\t\t\t\t\t\t<div class=\"elementor-container elementor-column-gap-default\">\n\t\t\t\t\t<div class=\"elementor-column elementor-col-50 elementor-top-column elementor-element elementor-element-42d01ba\" data-id=\"42d01ba\" data-element_type=\"column\" data-e-type=\"column\">\n\t\t\t<div class=\"elementor-widget-wrap\">\n\t\t\t\t\t\t\t<\/div>\n\t\t<\/div>\n\t\t\t\t<div class=\"elementor-column elementor-col-50 elementor-top-column elementor-element elementor-element-5b2bd18\" data-id=\"5b2bd18\" data-element_type=\"column\" data-e-type=\"column\">\n\t\t\t<div class=\"elementor-widget-wrap elementor-element-populated\">\n\t\t\t\t\t\t<section class=\"elementor-section elementor-inner-section elementor-element elementor-element-1bbad80 elementor-section-boxed elementor-section-height-default elementor-section-height-default\" data-id=\"1bbad80\" data-element_type=\"section\" data-e-type=\"section\">\n\t\t\t\t\t\t<div class=\"elementor-container elementor-column-gap-default\">\n\t\t\t\t\t<div class=\"elementor-column elementor-col-100 elementor-inner-column elementor-element elementor-element-a77bebc\" data-id=\"a77bebc\" data-element_type=\"column\" data-e-type=\"column\">\n\t\t\t<div class=\"elementor-widget-wrap elementor-element-populated\">\n\t\t\t\t\t\t<div class=\"elementor-element elementor-element-e4f66cb elementor-widget elementor-widget-spacer\" data-id=\"e4f66cb\" data-element_type=\"widget\" data-e-type=\"widget\" data-widget_type=\"spacer.default\">\n\t\t\t\t<div class=\"elementor-widget-container\">\n\t\t\t\t\t\t\t<div class=\"elementor-spacer\">\n\t\t\t<div class=\"elementor-spacer-inner\"><\/div>\n\t\t<\/div>\n\t\t\t\t\t\t<\/div>\n\t\t\t\t<\/div>\n\t\t\t\t\t<\/div>\n\t\t<\/div>\n\t\t\t\t\t<\/div>\n\t\t<\/section>\n\t\t\t\t<div class=\"elementor-element elementor-element-5bb1883 elementor-share-buttons--view-icon elementor-share-buttons--shape-circle elementor-share-buttons--color-custom elementor-share-buttons--skin-gradient elementor-grid-0 elementor-widget elementor-widget-share-buttons\" data-id=\"5bb1883\" data-element_type=\"widget\" data-e-type=\"widget\" data-widget_type=\"share-buttons.default\">\n\t\t\t\t<div class=\"elementor-widget-container\">\n\t\t\t\t\t\t\t<div class=\"elementor-grid\" role=\"list\">\n\t\t\t\t\t\t\t\t<div class=\"elementor-grid-item\" role=\"listitem\">\n\t\t\t\t\t\t<div class=\"elementor-share-btn elementor-share-btn_facebook\" role=\"button\" tabindex=\"0\" aria-label=\"Compartir en facebook\">\n\t\t\t\t\t\t\t\t\t\t\t\t\t\t\t<span class=\"elementor-share-btn__icon\">\n\t\t\t\t\t\t\t\t<i class=\"fab fa-facebook\" aria-hidden=\"true\"><\/i>\t\t\t\t\t\t\t<\/span>\n\t\t\t\t\t\t\t\t\t\t\t\t\t\t\t\t\t\t\t\t<\/div>\n\t\t\t\t\t<\/div>\n\t\t\t\t\t\t\t\t\t<div class=\"elementor-grid-item\" role=\"listitem\">\n\t\t\t\t\t\t<div class=\"elementor-share-btn elementor-share-btn_twitter\" role=\"button\" tabindex=\"0\" aria-label=\"Compartir en twitter\">\n\t\t\t\t\t\t\t\t\t\t\t\t\t\t\t<span class=\"elementor-share-btn__icon\">\n\t\t\t\t\t\t\t\t<i class=\"fab fa-twitter\" aria-hidden=\"true\"><\/i>\t\t\t\t\t\t\t<\/span>\n\t\t\t\t\t\t\t\t\t\t\t\t\t\t\t\t\t\t\t\t<\/div>\n\t\t\t\t\t<\/div>\n\t\t\t\t\t\t<\/div>\n\t\t\t\t\t\t<\/div>\n\t\t\t\t<\/div>\n\t\t\t\t<section class=\"elementor-section elementor-inner-section elementor-element elementor-element-c31968f elementor-section-boxed elementor-section-height-default elementor-section-height-default\" data-id=\"c31968f\" data-element_type=\"section\" data-e-type=\"section\">\n\t\t\t\t\t\t<div class=\"elementor-container elementor-column-gap-default\">\n\t\t\t\t\t<div class=\"elementor-column elementor-col-100 elementor-inner-column elementor-element elementor-element-756cd7d\" data-id=\"756cd7d\" data-element_type=\"column\" data-e-type=\"column\">\n\t\t\t<div class=\"elementor-widget-wrap elementor-element-populated\">\n\t\t\t\t\t\t<div class=\"elementor-element elementor-element-072c176 elementor-widget elementor-widget-text-editor\" data-id=\"072c176\" data-element_type=\"widget\" data-e-type=\"widget\" data-widget_type=\"text-editor.default\">\n\t\t\t\t<div class=\"elementor-widget-container\">\n\t\t\t\t\t\t\t\t\t<p style=\"text-align: center;\">\u00a0 \u00a0Share this story<\/p><p style=\"text-align: center;\">\u00a0<\/p><div style=\"box-sizing: border-box; --flex-direction: initial; --flex-wrap: initial; --justify-content: initial; --align-items: initial; --align-content: initial; --gap: initial; --flex-basis: initial; --flex-grow: initial; --flex-shrink: initial; --order: initial; --align-self: initial; flex-basis: var(--flex-basis); flex-grow: var(--flex-grow); flex-shrink: var(--flex-shrink); order: var(--order); align-self: var(--align-self); flex-direction: var(--flex-direction); flex-wrap: var(--flex-wrap); justify-content: var(--justify-content); align-items: var(--align-items); align-content: var(--align-content); gap: var(--gap); position: relative; --swiper-theme-color: #000; --swiper-navigation-size: 44px; --swiper-pagination-bullet-size: 6px; --swiper-pagination-bullet-horizontal-gap: 6px; width: 313.32px; --e-icon-list-icon-size: 14px; color: #333333; font-family: Domine, sans-serif; font-size: 16px; font-style: normal; font-variant-ligatures: normal; font-variant-caps: normal; font-weight: 400; letter-spacing: 0.3px; orphans: 2; text-align: start; text-indent: 0px; text-transform: none; white-space: normal; widows: 2; word-spacing: 0px; -webkit-text-stroke-width: 0px; background-color: rgba(5, 5, 5, 0.05); text-decoration-thickness: initial; text-decoration-style: initial; text-decoration-color: initial;\" data-id=\"0527d8a\" data-element_type=\"widget\" data-widget_type=\"icon-list.default\"><div style=\"box-sizing: border-box; transition: background 0.3s,border 0.3s,border-radius 0.3s,box-shadow 0.3s,transform var(--e-transform-transition-duration,0.4s); margin: -11px 0px 0px;\"><ul style=\"box-sizing: border-box; margin: 0px; padding: 0px; list-style: none;\"><li style=\"box-sizing: border-box; margin: 0px; padding: 0px; position: relative; display: flex; align-items: center; font-size: inherit;\">\u00a0<\/li><\/ul><\/div><\/div><div style=\"box-sizing: border-box; --flex-direction: initial; --flex-wrap: initial; --justify-content: initial; --align-items: initial; --align-content: initial; --gap: initial; --flex-basis: initial; --flex-grow: initial; --flex-shrink: initial; --order: initial; --align-self: initial; flex-basis: var(--flex-basis); flex-grow: var(--flex-grow); flex-shrink: var(--flex-shrink); order: var(--order); align-self: var(--align-self); flex-direction: var(--flex-direction); flex-wrap: var(--flex-wrap); justify-content: var(--justify-content); align-items: var(--align-items); align-content: var(--align-content); gap: var(--gap); position: relative; --swiper-theme-color: #000; --swiper-navigation-size: 44px; --swiper-pagination-bullet-size: 6px; --swiper-pagination-bullet-horizontal-gap: 6px; width: 313.32px; margin-bottom: 20px; font-size: 14px; color: #333333; font-family: Domine, sans-serif; font-style: normal; font-variant-ligatures: normal; font-variant-caps: normal; font-weight: 400; letter-spacing: 0.3px; orphans: 2; text-align: start; text-indent: 0px; text-transform: none; white-space: normal; widows: 2; word-spacing: 0px; -webkit-text-stroke-width: 0px; background-color: rgba(5, 5, 5, 0.05); text-decoration-thickness: initial; text-decoration-style: initial; text-decoration-color: initial;\" data-id=\"ef089f4\" data-element_type=\"widget\" data-widget_type=\"text-editor.default\"><div style=\"box-sizing: border-box; transition: background 0.3s,border 0.3s,border-radius 0.3s,box-shadow 0.3s,transform var(--e-transform-transition-duration,0.4s); margin: 0px 0px -5px;\"><div style=\"box-sizing: border-box;\"><p style=\"box-sizing: border-box; margin: 0px 0px 1px; padding: 0px;\">\u00a0<\/p><\/div><\/div><\/div>\t\t\t\t\t\t\t\t<\/div>\n\t\t\t\t<\/div>\n\t\t\t\t\t<\/div>\n\t\t<\/div>\n\t\t\t\t\t<\/div>\n\t\t<\/section>\n\t\t\t\t\t<\/div>\n\t\t<\/div>\n\t\t\t\t\t<\/div>\n\t\t<\/section>\n\t\t\t\t<section class=\"elementor-section elementor-top-section elementor-element elementor-element-8d80d3f elementor-section-boxed elementor-section-height-default elementor-section-height-default\" data-id=\"8d80d3f\" data-element_type=\"section\" data-e-type=\"section\">\n\t\t\t\t\t\t<div class=\"elementor-container elementor-column-gap-default\">\n\t\t\t\t\t<div class=\"elementor-column elementor-col-100 elementor-top-column elementor-element elementor-element-140daf1\" data-id=\"140daf1\" data-element_type=\"column\" data-e-type=\"column\">\n\t\t\t<div class=\"elementor-widget-wrap\">\n\t\t\t\t\t\t\t<\/div>\n\t\t<\/div>\n\t\t\t\t\t<\/div>\n\t\t<\/section>\n\t\t\t\t<section class=\"elementor-section elementor-top-section elementor-element elementor-element-023a05e elementor-section-boxed elementor-section-height-default elementor-section-height-default\" data-id=\"023a05e\" data-element_type=\"section\" data-e-type=\"section\">\n\t\t\t\t\t\t<div class=\"elementor-container elementor-column-gap-default\">\n\t\t\t\t\t<div class=\"elementor-column elementor-col-100 elementor-top-column elementor-element elementor-element-01452de\" data-id=\"01452de\" data-element_type=\"column\" data-e-type=\"column\">\n\t\t\t<div class=\"elementor-widget-wrap elementor-element-populated\">\n\t\t\t\t\t\t<div class=\"elementor-element elementor-element-ff1bc1f elementor-widget elementor-widget-image\" data-id=\"ff1bc1f\" data-element_type=\"widget\" data-e-type=\"widget\" data-widget_type=\"image.default\">\n\t\t\t\t<div class=\"elementor-widget-container\">\n\t\t\t\t\t\t\t\t\t\t\t\t\t\t\t<img loading=\"lazy\" decoding=\"async\" width=\"89\" height=\"55\" src=\"https:\/\/reciclarseenlaciudad.com\/wp-content\/uploads\/2020\/10\/Icono-Reciclarse-89x55-3.png\" class=\"attachment-thumbnail size-thumbnail wp-image-2329\" alt=\"\" \/>\t\t\t\t\t\t\t\t\t\t\t\t\t\t\t<\/div>\n\t\t\t\t<\/div>\n\t\t\t\t\t<\/div>\n\t\t<\/div>\n\t\t\t\t\t<\/div>\n\t\t<\/section>\n\t\t\t\t<section class=\"elementor-section elementor-top-section elementor-element elementor-element-7930b56 elementor-section-boxed elementor-section-height-default elementor-section-height-default\" data-id=\"7930b56\" data-element_type=\"section\" data-e-type=\"section\">\n\t\t\t\t\t\t<div class=\"elementor-container elementor-column-gap-default\">\n\t\t\t\t\t<div class=\"elementor-column elementor-col-100 elementor-top-column elementor-element elementor-element-f0ecc97\" data-id=\"f0ecc97\" data-element_type=\"column\" data-e-type=\"column\">\n\t\t\t<div class=\"elementor-widget-wrap elementor-element-populated\">\n\t\t\t\t\t\t<div class=\"elementor-element elementor-element-eaba34c elementor-view-default elementor-widget elementor-widget-icon\" data-id=\"eaba34c\" data-element_type=\"widget\" data-e-type=\"widget\" data-widget_type=\"icon.default\">\n\t\t\t\t<div class=\"elementor-widget-container\">\n\t\t\t\t\t\t\t<div class=\"elementor-icon-wrapper\">\n\t\t\t<a class=\"elementor-icon\" href=\"https:\/\/reciclarseenlaciudad.com\/en\/cronicas\/\">\n\t\t\t<i aria-hidden=\"true\" class=\"far fa-arrow-alt-circle-left\"><\/i>\t\t\t<\/a>\n\t\t<\/div>\n\t\t\t\t\t\t<\/div>\n\t\t\t\t<\/div>\n\t\t\t\t\t<\/div>\n\t\t<\/div>\n\t\t\t\t\t<\/div>\n\t\t<\/section>\n\t\t\t\t<\/div>","protected":false},"excerpt":{"rendered":"<p>Yo no quer\u00eda ser activista, pero me tuve que armar de valor y denunciar su homicidio ese viernes 18 de diciembre de 2020. Yo no sab\u00eda c\u00f3mo, pero sab\u00eda que deb\u00eda pedir justicia por la muerte de mi hermana Gabriela Soto Garc\u00eda.<\/p>","protected":false},"featured_media":6620,"comment_status":"closed","ping_status":"closed","template":"","meta":{"nf_dc_page":"","site-sidebar-layout":"no-sidebar","site-content-layout":"","ast-site-content-layout":"full-width-container","site-content-style":"default","site-sidebar-style":"default","ast-global-header-display":"","ast-banner-title-visibility":"","ast-main-header-display":"","ast-hfb-above-header-display":"","ast-hfb-below-header-display":"","ast-hfb-mobile-header-display":"","site-post-title":"","ast-breadcrumbs-content":"","ast-featured-img":"","footer-sml-layout":"","ast-disable-related-posts":"","theme-transparent-header-meta":"","adv-header-id-meta":"","stick-header-meta":"","header-above-stick-meta":"","header-main-stick-meta":"","header-below-stick-meta":"","astra-migrate-meta-layouts":"set","ast-page-background-enabled":"default","ast-page-background-meta":{"desktop":{"background-color":"var(--ast-global-color-4)","background-image":"","background-repeat":"repeat","background-position":"center center","background-size":"auto","background-attachment":"scroll","background-type":"","background-media":"","overlay-type":"","overlay-color":"","overlay-opacity":"","overlay-gradient":""},"tablet":{"background-color":"","background-image":"","background-repeat":"repeat","background-position":"center center","background-size":"auto","background-attachment":"scroll","background-type":"","background-media":"","overlay-type":"","overlay-color":"","overlay-opacity":"","overlay-gradient":""},"mobile":{"background-color":"","background-image":"","background-repeat":"repeat","background-position":"center center","background-size":"auto","background-attachment":"scroll","background-type":"","background-media":"","overlay-type":"","overlay-color":"","overlay-opacity":"","overlay-gradient":""}},"ast-content-background-meta":{"desktop":{"background-color":"var(--ast-global-color-5)","background-image":"","background-repeat":"repeat","background-position":"center center","background-size":"auto","background-attachment":"scroll","background-type":"","background-media":"","overlay-type":"","overlay-color":"","overlay-opacity":"","overlay-gradient":""},"tablet":{"background-color":"var(--ast-global-color-5)","background-image":"","background-repeat":"repeat","background-position":"center center","background-size":"auto","background-attachment":"scroll","background-type":"","background-media":"","overlay-type":"","overlay-color":"","overlay-opacity":"","overlay-gradient":""},"mobile":{"background-color":"var(--ast-global-color-5)","background-image":"","background-repeat":"repeat","background-position":"center center","background-size":"auto","background-attachment":"scroll","background-type":"","background-media":"","overlay-type":"","overlay-color":"","overlay-opacity":"","overlay-gradient":""}},"footnotes":""},"categories":[110],"class_list":["post-6606","crnica","type-crnica","status-publish","has-post-thumbnail","hentry","category-xoxocotlan"],"yoast_head":"<!-- This site is optimized with the Yoast SEO plugin v27.4 - https:\/\/yoast.com\/product\/yoast-seo-wordpress\/ -->\n<title>Yo no quer\u00eda ser activista, pero me mataron a mi hermana - (re)Ciclarse en la Ciudad<\/title>\n<meta name=\"description\" content=\"Yo no quer\u00eda ser activista, pero me tuve que armar de valor y denunciar su homicidio ese viernes 18 de diciembre de 2020. Yo no sab\u00eda c\u00f3mo, pero sab\u00eda que deb\u00eda pedir justicia por la muerte de mi hermana Gabriela Soto Garc\u00eda.\" \/>\n<meta name=\"robots\" content=\"index, follow, max-snippet:-1, max-image-preview:large, max-video-preview:-1\" \/>\n<link rel=\"canonical\" href=\"https:\/\/reciclarseenlaciudad.com\/en\/cronicas\/gabi-soto\/\" \/>\n<meta property=\"og:locale\" content=\"en_US\" \/>\n<meta property=\"og:type\" content=\"article\" \/>\n<meta property=\"og:title\" content=\"Despertares ciclistas. Por una pedalgog\u00eda sobre ruedas\" \/>\n<meta property=\"og:description\" content=\"De Bogot\u00e1 a Puebla, M\u00f3nica Rivera escribe esta cr\u00f3nica n\u00f3mada de ciclismo urbano, de padlgog\u00eda y de un continuo despertar interior.\" \/>\n<meta property=\"og:url\" content=\"https:\/\/reciclarseenlaciudad.com\/en\/cronicas\/gabi-soto\/\" \/>\n<meta property=\"og:site_name\" content=\"(re)Ciclarse en la Ciudad\" \/>\n<meta property=\"article:publisher\" content=\"https:\/\/www.facebook.com\/reciclarseenlaciudad\" \/>\n<meta property=\"article:modified_time\" content=\"2026-02-28T04:09:15+00:00\" \/>\n<meta property=\"og:image\" content=\"https:\/\/reciclarseenlaciudad.com\/wp-content\/uploads\/2022\/08\/Monica_Rivera_2.jpg\" \/>\n\t<meta property=\"og:image:width\" content=\"720\" \/>\n\t<meta property=\"og:image:height\" content=\"473\" \/>\n\t<meta property=\"og:image:type\" content=\"image\/jpeg\" \/>\n<meta name=\"twitter:card\" content=\"summary_large_image\" \/>\n<meta name=\"twitter:title\" content=\"Despertares ciclistas. Por una pedalgog\u00eda sobre ruedas\" \/>\n<meta name=\"twitter:description\" content=\"De Bogot\u00e1 a Puebla, M\u00f3nica Rivera escribe esta cr\u00f3nica n\u00f3mada de ciclismo urbano, de padlgog\u00eda y de un continuo despertar interior.\" \/>\n<meta name=\"twitter:image\" content=\"https:\/\/reciclarseenlaciudad.com\/wp-content\/uploads\/2022\/08\/Monica_Rivera_2.jpg\" \/>\n<meta name=\"twitter:site\" content=\"@ReciclarseC\" \/>\n<meta name=\"twitter:label1\" content=\"Est. reading time\" \/>\n\t<meta name=\"twitter:data1\" content=\"6 minutes\" \/>\n<script type=\"application\/ld+json\" class=\"yoast-schema-graph\">{\"@context\":\"https:\\\/\\\/schema.org\",\"@graph\":[{\"@type\":\"WebPage\",\"@id\":\"https:\\\/\\\/reciclarseenlaciudad.com\\\/cronicas\\\/gabi-soto\\\/\",\"url\":\"https:\\\/\\\/reciclarseenlaciudad.com\\\/cronicas\\\/gabi-soto\\\/\",\"name\":\"Yo no quer\u00eda ser activista, pero me mataron a mi hermana - (re)Ciclarse en la Ciudad\",\"isPartOf\":{\"@id\":\"https:\\\/\\\/reciclarseenlaciudad.com\\\/#website\"},\"primaryImageOfPage\":{\"@id\":\"https:\\\/\\\/reciclarseenlaciudad.com\\\/cronicas\\\/gabi-soto\\\/#primaryimage\"},\"image\":{\"@id\":\"https:\\\/\\\/reciclarseenlaciudad.com\\\/cronicas\\\/gabi-soto\\\/#primaryimage\"},\"thumbnailUrl\":\"https:\\\/\\\/reciclarseenlaciudad.com\\\/wp-content\\\/uploads\\\/2023\\\/03\\\/EstherSoto_4.jpeg\",\"datePublished\":\"2024-07-17T04:56:48+00:00\",\"dateModified\":\"2026-02-28T04:09:15+00:00\",\"description\":\"Yo no quer\u00eda ser activista, pero me tuve que armar de valor y denunciar su homicidio ese viernes 18 de diciembre de 2020. Yo no sab\u00eda c\u00f3mo, pero sab\u00eda que deb\u00eda pedir justicia por la muerte de mi hermana Gabriela Soto Garc\u00eda.\",\"breadcrumb\":{\"@id\":\"https:\\\/\\\/reciclarseenlaciudad.com\\\/cronicas\\\/gabi-soto\\\/#breadcrumb\"},\"inLanguage\":\"en-CA\",\"potentialAction\":[{\"@type\":\"ReadAction\",\"target\":[\"https:\\\/\\\/reciclarseenlaciudad.com\\\/cronicas\\\/gabi-soto\\\/\"]}]},{\"@type\":\"ImageObject\",\"inLanguage\":\"en-CA\",\"@id\":\"https:\\\/\\\/reciclarseenlaciudad.com\\\/cronicas\\\/gabi-soto\\\/#primaryimage\",\"url\":\"https:\\\/\\\/reciclarseenlaciudad.com\\\/wp-content\\\/uploads\\\/2023\\\/03\\\/EstherSoto_4.jpeg\",\"contentUrl\":\"https:\\\/\\\/reciclarseenlaciudad.com\\\/wp-content\\\/uploads\\\/2023\\\/03\\\/EstherSoto_4.jpeg\",\"width\":1599,\"height\":1200},{\"@type\":\"BreadcrumbList\",\"@id\":\"https:\\\/\\\/reciclarseenlaciudad.com\\\/cronicas\\\/gabi-soto\\\/#breadcrumb\",\"itemListElement\":[{\"@type\":\"ListItem\",\"position\":1,\"name\":\"Home\",\"item\":\"https:\\\/\\\/reciclarseenlaciudad.com\\\/\"},{\"@type\":\"ListItem\",\"position\":2,\"name\":\"Yo no quer\u00eda ser activista, pero me mataron a mi hermana\"}]},{\"@type\":\"WebSite\",\"@id\":\"https:\\\/\\\/reciclarseenlaciudad.com\\\/#website\",\"url\":\"https:\\\/\\\/reciclarseenlaciudad.com\\\/\",\"name\":\"(re)Ciclarse en la Ciudad\",\"description\":\"(re)Ciclarse en la Ciudad\",\"publisher\":{\"@id\":\"https:\\\/\\\/reciclarseenlaciudad.com\\\/#organization\"},\"potentialAction\":[{\"@type\":\"SearchAction\",\"target\":{\"@type\":\"EntryPoint\",\"urlTemplate\":\"https:\\\/\\\/reciclarseenlaciudad.com\\\/?s={search_term_string}\"},\"query-input\":{\"@type\":\"PropertyValueSpecification\",\"valueRequired\":true,\"valueName\":\"search_term_string\"}}],\"inLanguage\":\"en-CA\"},{\"@type\":\"Organization\",\"@id\":\"https:\\\/\\\/reciclarseenlaciudad.com\\\/#organization\",\"name\":\"(re)Ciclarse en la Ciudad\",\"url\":\"https:\\\/\\\/reciclarseenlaciudad.com\\\/\",\"logo\":{\"@type\":\"ImageObject\",\"inLanguage\":\"en-CA\",\"@id\":\"https:\\\/\\\/reciclarseenlaciudad.com\\\/#\\\/schema\\\/logo\\\/image\\\/\",\"url\":\"https:\\\/\\\/reciclarseenlaciudad.com\\\/wp-content\\\/uploads\\\/2021\\\/02\\\/Logo-re-ciclarse-sin-slogan.png\",\"contentUrl\":\"https:\\\/\\\/reciclarseenlaciudad.com\\\/wp-content\\\/uploads\\\/2021\\\/02\\\/Logo-re-ciclarse-sin-slogan.png\",\"width\":1839,\"height\":930,\"caption\":\"(re)Ciclarse en la Ciudad\"},\"image\":{\"@id\":\"https:\\\/\\\/reciclarseenlaciudad.com\\\/#\\\/schema\\\/logo\\\/image\\\/\"},\"sameAs\":[\"https:\\\/\\\/www.facebook.com\\\/reciclarseenlaciudad\",\"https:\\\/\\\/x.com\\\/ReciclarseC\",\"https:\\\/\\\/www.instagram.com\\\/reciclarseenlaciudad\\\/\"]}]}<\/script>\n<!-- \/ Yoast SEO plugin. -->","yoast_head_json":{"title":"Yo no quer\u00eda ser activista, pero me mataron a mi hermana - (re)Ciclarse en la Ciudad","description":"Yo no quer\u00eda ser activista, pero me tuve que armar de valor y denunciar su homicidio ese viernes 18 de diciembre de 2020. Yo no sab\u00eda c\u00f3mo, pero sab\u00eda que deb\u00eda pedir justicia por la muerte de mi hermana Gabriela Soto Garc\u00eda.","robots":{"index":"index","follow":"follow","max-snippet":"max-snippet:-1","max-image-preview":"max-image-preview:large","max-video-preview":"max-video-preview:-1"},"canonical":"https:\/\/reciclarseenlaciudad.com\/en\/cronicas\/gabi-soto\/","og_locale":"en_US","og_type":"article","og_title":"Despertares ciclistas. Por una pedalgog\u00eda sobre ruedas","og_description":"De Bogot\u00e1 a Puebla, M\u00f3nica Rivera escribe esta cr\u00f3nica n\u00f3mada de ciclismo urbano, de padlgog\u00eda y de un continuo despertar interior.","og_url":"https:\/\/reciclarseenlaciudad.com\/en\/cronicas\/gabi-soto\/","og_site_name":"(re)Ciclarse en la Ciudad","article_publisher":"https:\/\/www.facebook.com\/reciclarseenlaciudad","article_modified_time":"2026-02-28T04:09:15+00:00","og_image":[{"width":720,"height":473,"url":"https:\/\/reciclarseenlaciudad.com\/wp-content\/uploads\/2022\/08\/Monica_Rivera_2.jpg","type":"image\/jpeg"}],"twitter_card":"summary_large_image","twitter_title":"Despertares ciclistas. Por una pedalgog\u00eda sobre ruedas","twitter_description":"De Bogot\u00e1 a Puebla, M\u00f3nica Rivera escribe esta cr\u00f3nica n\u00f3mada de ciclismo urbano, de padlgog\u00eda y de un continuo despertar interior.","twitter_image":"https:\/\/reciclarseenlaciudad.com\/wp-content\/uploads\/2022\/08\/Monica_Rivera_2.jpg","twitter_site":"@ReciclarseC","twitter_misc":{"Est. reading time":"6 minutes"},"schema":{"@context":"https:\/\/schema.org","@graph":[{"@type":"WebPage","@id":"https:\/\/reciclarseenlaciudad.com\/cronicas\/gabi-soto\/","url":"https:\/\/reciclarseenlaciudad.com\/cronicas\/gabi-soto\/","name":"Yo no quer\u00eda ser activista, pero me mataron a mi hermana - (re)Ciclarse en la Ciudad","isPartOf":{"@id":"https:\/\/reciclarseenlaciudad.com\/#website"},"primaryImageOfPage":{"@id":"https:\/\/reciclarseenlaciudad.com\/cronicas\/gabi-soto\/#primaryimage"},"image":{"@id":"https:\/\/reciclarseenlaciudad.com\/cronicas\/gabi-soto\/#primaryimage"},"thumbnailUrl":"https:\/\/reciclarseenlaciudad.com\/wp-content\/uploads\/2023\/03\/EstherSoto_4.jpeg","datePublished":"2024-07-17T04:56:48+00:00","dateModified":"2026-02-28T04:09:15+00:00","description":"Yo no quer\u00eda ser activista, pero me tuve que armar de valor y denunciar su homicidio ese viernes 18 de diciembre de 2020. Yo no sab\u00eda c\u00f3mo, pero sab\u00eda que deb\u00eda pedir justicia por la muerte de mi hermana Gabriela Soto Garc\u00eda.","breadcrumb":{"@id":"https:\/\/reciclarseenlaciudad.com\/cronicas\/gabi-soto\/#breadcrumb"},"inLanguage":"en-CA","potentialAction":[{"@type":"ReadAction","target":["https:\/\/reciclarseenlaciudad.com\/cronicas\/gabi-soto\/"]}]},{"@type":"ImageObject","inLanguage":"en-CA","@id":"https:\/\/reciclarseenlaciudad.com\/cronicas\/gabi-soto\/#primaryimage","url":"https:\/\/reciclarseenlaciudad.com\/wp-content\/uploads\/2023\/03\/EstherSoto_4.jpeg","contentUrl":"https:\/\/reciclarseenlaciudad.com\/wp-content\/uploads\/2023\/03\/EstherSoto_4.jpeg","width":1599,"height":1200},{"@type":"BreadcrumbList","@id":"https:\/\/reciclarseenlaciudad.com\/cronicas\/gabi-soto\/#breadcrumb","itemListElement":[{"@type":"ListItem","position":1,"name":"Home","item":"https:\/\/reciclarseenlaciudad.com\/"},{"@type":"ListItem","position":2,"name":"Yo no quer\u00eda ser activista, pero me mataron a mi hermana"}]},{"@type":"WebSite","@id":"https:\/\/reciclarseenlaciudad.com\/#website","url":"https:\/\/reciclarseenlaciudad.com\/","name":"(re)Ciclarse en la Ciudad","description":"(re)Ciclarse en la Ciudad","publisher":{"@id":"https:\/\/reciclarseenlaciudad.com\/#organization"},"potentialAction":[{"@type":"SearchAction","target":{"@type":"EntryPoint","urlTemplate":"https:\/\/reciclarseenlaciudad.com\/?s={search_term_string}"},"query-input":{"@type":"PropertyValueSpecification","valueRequired":true,"valueName":"search_term_string"}}],"inLanguage":"en-CA"},{"@type":"Organization","@id":"https:\/\/reciclarseenlaciudad.com\/#organization","name":"(re)Ciclarse en la Ciudad","url":"https:\/\/reciclarseenlaciudad.com\/","logo":{"@type":"ImageObject","inLanguage":"en-CA","@id":"https:\/\/reciclarseenlaciudad.com\/#\/schema\/logo\/image\/","url":"https:\/\/reciclarseenlaciudad.com\/wp-content\/uploads\/2021\/02\/Logo-re-ciclarse-sin-slogan.png","contentUrl":"https:\/\/reciclarseenlaciudad.com\/wp-content\/uploads\/2021\/02\/Logo-re-ciclarse-sin-slogan.png","width":1839,"height":930,"caption":"(re)Ciclarse en la Ciudad"},"image":{"@id":"https:\/\/reciclarseenlaciudad.com\/#\/schema\/logo\/image\/"},"sameAs":["https:\/\/www.facebook.com\/reciclarseenlaciudad","https:\/\/x.com\/ReciclarseC","https:\/\/www.instagram.com\/reciclarseenlaciudad\/"]}]}},"_links":{"self":[{"href":"https:\/\/reciclarseenlaciudad.com\/en\/wp-json\/wp\/v2\/crnica\/6606","targetHints":{"allow":["GET"]}}],"collection":[{"href":"https:\/\/reciclarseenlaciudad.com\/en\/wp-json\/wp\/v2\/crnica"}],"about":[{"href":"https:\/\/reciclarseenlaciudad.com\/en\/wp-json\/wp\/v2\/types\/crnica"}],"replies":[{"embeddable":true,"href":"https:\/\/reciclarseenlaciudad.com\/en\/wp-json\/wp\/v2\/comments?post=6606"}],"version-history":[{"count":5,"href":"https:\/\/reciclarseenlaciudad.com\/en\/wp-json\/wp\/v2\/crnica\/6606\/revisions"}],"predecessor-version":[{"id":6868,"href":"https:\/\/reciclarseenlaciudad.com\/en\/wp-json\/wp\/v2\/crnica\/6606\/revisions\/6868"}],"wp:featuredmedia":[{"embeddable":true,"href":"https:\/\/reciclarseenlaciudad.com\/en\/wp-json\/wp\/v2\/media\/6620"}],"wp:attachment":[{"href":"https:\/\/reciclarseenlaciudad.com\/en\/wp-json\/wp\/v2\/media?parent=6606"}],"wp:term":[{"taxonomy":"category","embeddable":true,"href":"https:\/\/reciclarseenlaciudad.com\/en\/wp-json\/wp\/v2\/categories?post=6606"}],"curies":[{"name":"wp","href":"https:\/\/api.w.org\/{rel}","templated":true}]}}